{"version":"1.0","provider_name":"Carta Sonora de Mallorca","provider_url":"https:\/\/cartasonorademallorca.com\/en\/","title":"Carta Sonora de Mallorca. Una presentaci\u00f3 - Carta Sonora de Mallorca","type":"rich","width":600,"height":338,"html":"<blockquote class=\"wp-embedded-content\" data-secret=\"PbxwSpcLyI\"><a href=\"https:\/\/cartasonorademallorca.com\/en\/carta-sonora-de-mallorca-una-presentacio\/\">Carta Sonora de Mallorca. Una presentaci\u00f3<\/a><\/blockquote><iframe sandbox=\"allow-scripts\" security=\"restricted\" src=\"https:\/\/cartasonorademallorca.com\/en\/carta-sonora-de-mallorca-una-presentacio\/embed\/#?secret=PbxwSpcLyI\" width=\"600\" height=\"338\" title=\"&#8220;Carta Sonora de Mallorca. Una presentaci\u00f3&#8221; &#8212; Carta Sonora de Mallorca\" data-secret=\"PbxwSpcLyI\" frameborder=\"0\" marginwidth=\"0\" marginheight=\"0\" scrolling=\"no\" class=\"wp-embedded-content\"><\/iframe><script type=\"text\/javascript\">\n\/* <![CDATA[ *\/\n\/*! This file is auto-generated *\/\n!function(d,l){\"use strict\";l.querySelector&&d.addEventListener&&\"undefined\"!=typeof URL&&(d.wp=d.wp||{},d.wp.receiveEmbedMessage||(d.wp.receiveEmbedMessage=function(e){var t=e.data;if((t||t.secret||t.message||t.value)&&!\/[^a-zA-Z0-9]\/.test(t.secret)){for(var s,r,n,a=l.querySelectorAll('iframe[data-secret=\"'+t.secret+'\"]'),o=l.querySelectorAll('blockquote[data-secret=\"'+t.secret+'\"]'),c=new RegExp(\"^https?:$\",\"i\"),i=0;i<o.length;i++)o[i].style.display=\"none\";for(i=0;i<a.length;i++)s=a[i],e.source===s.contentWindow&&(s.removeAttribute(\"style\"),\"height\"===t.message?(1e3<(r=parseInt(t.value,10))?r=1e3:~~r<200&&(r=200),s.height=r):\"link\"===t.message&&(r=new URL(s.getAttribute(\"src\")),n=new URL(t.value),c.test(n.protocol))&&n.host===r.host&&l.activeElement===s&&(d.top.location.href=t.value))}},d.addEventListener(\"message\",d.wp.receiveEmbedMessage,!1),l.addEventListener(\"DOMContentLoaded\",function(){for(var e,t,s=l.querySelectorAll(\"iframe.wp-embedded-content\"),r=0;r<s.length;r++)(t=(e=s[r]).getAttribute(\"data-secret\"))||(t=Math.random().toString(36).substring(2,12),e.src+=\"#?secret=\"+t,e.setAttribute(\"data-secret\",t)),e.contentWindow.postMessage({message:\"ready\",secret:t},\"*\")},!1)))}(window,document);\n\/\/# sourceURL=https:\/\/cartasonorademallorca.com\/wp-includes\/js\/wp-embed.min.js\n\/* ]]> *\/\n<\/script>\n","thumbnail_url":"https:\/\/cartasonorademallorca.com\/wp-content\/uploads\/2022\/08\/cropped-favicon-1.png","thumbnail_width":512,"thumbnail_height":512,"description":"Carta Sonora de Mallorca \u00e9s un projecte en l\u00ednia que vol fer difusi\u00f3 dels paisatges sonors de l\u2019illa amb l\u2019ajut que proporcionen les noves tecnologies actuals. Un plantejament de base de dades que ha de permetre als usuaris apropar-se i explorar esdeveniments sonors del passat, coneixent les localitzacions concretes en qu\u00e8 se situa cada paisatge [&hellip;]"}