{"id":2724,"date":"2022-11-09T10:50:22","date_gmt":"2022-11-09T10:50:22","guid":{"rendered":"https:\/\/cartasonorademallorca.com\/listing\/programa-de-fires-de-1898\/"},"modified":"2023-08-15T17:43:23","modified_gmt":"2023-08-15T17:43:23","slug":"programa-de-fires-de-1898","status":"publish","type":"listing","link":"https:\/\/cartasonorademallorca.com\/en\/listing\/programa-de-fires-de-1898\/","title":{"rendered":"Programa de fires de 1898"},"content":{"rendered":"<div class=\"page\" title=\"Page 412\">\n<div class=\"section\">\n<div class=\"layoutArea\">\n<div class=\"column\">\n<p>La premsa de l&#8217;\u00e8poca ens assabenta que a les fires de 1898, foren dues les bandes que, en diferents moments, apareixen programades per a realitzar concerts. El diari La <span class=\"hiddenSpellError\">Correspondencia<\/span> de dimarts dia 11 d&#8217;octubre de 1898 ens descriu el programa de festes on apareixen, entre altres activitats l\u00fadiques, castells de focs artificials, teatre, sarsuela, balls i concerts de les bandes de m\u00fasica locals dirigides per Gabriel Verdera i per Antoni M\u00f2ger.<\/p>\n<\/div>\n<blockquote><p>&#8220;Nos comunican desde Lluchmayor que los d\u00edas 15, 16 y 17 del actual prometen ser variados en acontecimientos con motivo de la celebraci\u00f3n de la \u00faltima feria de temporada; pues a la par que aquella promete rivalizar con las de mejor \u00e9xito realizadas en la Isla se nos ha facilitado el programa de fiestas que es como sigue:<\/p>\n<p>Sabado 15. Por la noche las bandas de m\u00fasica dirigidas por los inteligentes directores Verdera y Mojer, tocaran variadas y escogidas piezas de su repertorio. En los intermedios se dispararan bonitos fuegos artificiales; se iluminaran las principales calles de la poblaci\u00f3n a la veneciana, y se daran funciones dram\u00e1ticas y de zarzuela en los teatros de la localidad.<\/p>\n<p>Domingo 16. Por la ma\u00f1ana las m\u00fasicas recorreran la poblaci\u00f3n tocando hermosos pasacalles y se celebraran suntuosas celebraciones religiosas. Por la tarde a las tres y media se dar\u00e1 comienzo a las carreras ciclistas en el vel\u00f3dromo de la localidad, en el cual, segun los datos facilitados por la empresa se disputaran los premios del programa los afamados corredores mallorquines sres. Grimalt, Armengol, Llin\u00e1s, Palmer, Colom y otros, y los del continente sres. Manresa, Agar, Minu\u00e9, Higinio Fern\u00e1ndez, Peris y otros.<\/p>\n<p>Por la noche, iluminaciones a la veneciana, bailes de sociedad y al estilo del pais, funciones teatrales y toque de piezas musicales por las bandas de los se\u00f1ores Verdera y Mojer; dispar\u00e1ndose en los intermedios un sorprendente castillo de fuegos artificiales a la per\u00edcia del inteligente pirot\u00e9cnico de Manacor sr. Gelabert en el cual figuraran entre otros juegos El abanico de Luzbel, el Copero, Las dos mariposas, el Vesubio, las Coronas diamantinas, la fuente de Neptuno, la rosa encantada, el amolador ambulante, la esfera terrestre, un capricho chinesco, y las baterias infernales y de conquista<\/p>\n<p>Lunes 17 (fir\u00f3). Por la ma\u00f1ana pasa calles por las m\u00fasicas de la poblaci\u00f3n. Por la tarde funci\u00f3n en el velodromo como el d\u00eda anterior y por la noche m\u00fasica, disparo de fuegos artificiales, voladura de globos aerost\u00e1ticos, funciones teatrales y bayles de sociedad y al estilo dels pa\u00eds.<\/p>\n<p>La iniciativa tomada por el Ayuntamiento para realce y animaci\u00f3n de las expresadas ferias y fiestas t el esfuerzo de los sres. empresarios del vel\u00f3dromo para fomento, diversi\u00f3n y comodidad de los que acuden \u00e1 aquel sitio, son dados ciertos para prometer un feliz resultado en los proyectos detallados.<\/p>\n<p>Para que nada falte a los forasteros que visiten la poblaci\u00f3n de Lluchmayor durante los d\u00edas de fiestas y ferias, se estan organizando casas de comida y hospedaje a precios reducidos&#8221;<\/p><\/blockquote>\n<p>Font i Obrador (1995) inclou una imatge d&#8217;un dia de fira de finals del s. XIX amb un paisatge sonor ben concret, <span class=\"hiddenSpellError\">marcat<\/span> pel pas dels vianants i carruatges pel carrer Major i <span class=\"hiddenGrammarError\">el bramar<\/span> del bestiar que est\u00e0 exposat per a la seva venta.<\/p>\n<\/div>\n<\/div>\n<\/div>\n","protected":false},"featured_media":2350,"comment_status":"open","ping_status":"open","template":"","tags":[743,612,550,744,745,649,746,747,748,749,750,751,752],"listing_category":[427,390],"listing_location":[542],"listing_feature":[28,157,178,58],"class_list":["post-2724","listing","type-listing","status-publish","has-post-thumbnail","hentry","tag-ases-en","tag-ball-en","tag-banda-de-musica-en","tag-bestiar-en","tag-cavalls-en","tag-concert-en","tag-fires-en","tag-focs-artificials-en","tag-mules-en","tag-muls-en","tag-sarssuela-en","tag-someres-en","tag-teatre-en","custom_tags_1-antoni-moger-en","custom_tags_1-bestiar-en","custom_tags_1-gabriel-verdera-en","custom_tags_1-gelabert-pirotecnic-en","listing_category-imatge-en","listing_category-text-en","listing_location-llucmajor-en","listing_feature-ambit-profa","listing_feature-documentacio-musics","listing_feature-festa","listing_feature-paisatge-sonor-biofonia"],"acf":[],"yoast_head":"<!-- This site is optimized with the Yoast SEO plugin v27.4 - https:\/\/yoast.com\/product\/yoast-seo-wordpress\/ -->\n<title>Programa de fires de 1898 - Carta Sonora de Mallorca<\/title>\n<meta name=\"robots\" content=\"index, follow, max-snippet:-1, max-image-preview:large, max-video-preview:-1\" \/>\n<link rel=\"canonical\" href=\"https:\/\/cartasonorademallorca.com\/en\/listing\/programa-de-fires-de-1898\/\" \/>\n<meta property=\"og:locale\" content=\"en_US\" \/>\n<meta property=\"og:type\" content=\"article\" \/>\n<meta property=\"og:title\" content=\"Programa de fires de 1898 - Carta Sonora de Mallorca\" \/>\n<meta property=\"og:description\" content=\"La premsa de l&#8217;\u00e8poca ens assabenta que a les fires de 1898, foren dues les bandes que, en diferents moments, apareixen programades per a realitzar concerts. El diari La Correspondencia de dimarts dia 11 d&#8217;octubre de 1898 ens descriu el programa de festes on apareixen, entre altres activitats l\u00fadiques, castells de focs artificials, teatre, sarsuela, [&hellip;]\" \/>\n<meta property=\"og:url\" content=\"https:\/\/cartasonorademallorca.com\/en\/listing\/programa-de-fires-de-1898\/\" \/>\n<meta property=\"og:site_name\" content=\"Carta Sonora de Mallorca\" \/>\n<meta property=\"article:modified_time\" content=\"2023-08-15T17:43:23+00:00\" \/>\n<meta property=\"og:image\" content=\"https:\/\/cartasonorademallorca.com\/wp-content\/uploads\/2022\/11\/Fira-de-bestiar-al-carrer-major-finals-s.-XIX.-Font-Font-Obrador-1995-HLL-vol.-VI-lam.-4-scaled.jpg\" \/>\n\t<meta property=\"og:image:width\" content=\"2560\" \/>\n\t<meta property=\"og:image:height\" content=\"1787\" \/>\n\t<meta property=\"og:image:type\" content=\"image\/jpeg\" \/>\n<meta name=\"twitter:card\" content=\"summary_large_image\" \/>\n<meta name=\"twitter:label1\" content=\"Est. reading time\" \/>\n\t<meta name=\"twitter:data1\" content=\"3 minutes\" \/>\n<script type=\"application\/ld+json\" class=\"yoast-schema-graph\">{\"@context\":\"https:\\\/\\\/schema.org\",\"@graph\":[{\"@type\":\"WebPage\",\"@id\":\"https:\\\/\\\/cartasonorademallorca.com\\\/en\\\/listing\\\/programa-de-fires-de-1898\\\/\",\"url\":\"https:\\\/\\\/cartasonorademallorca.com\\\/en\\\/listing\\\/programa-de-fires-de-1898\\\/\",\"name\":\"Programa de fires de 1898 - Carta Sonora de Mallorca\",\"isPartOf\":{\"@id\":\"https:\\\/\\\/cartasonorademallorca.com\\\/en\\\/#website\"},\"primaryImageOfPage\":{\"@id\":\"https:\\\/\\\/cartasonorademallorca.com\\\/en\\\/listing\\\/programa-de-fires-de-1898\\\/#primaryimage\"},\"image\":{\"@id\":\"https:\\\/\\\/cartasonorademallorca.com\\\/en\\\/listing\\\/programa-de-fires-de-1898\\\/#primaryimage\"},\"thumbnailUrl\":\"https:\\\/\\\/cartasonorademallorca.com\\\/wp-content\\\/uploads\\\/2022\\\/11\\\/Fira-de-bestiar-al-carrer-major-finals-s.-XIX.-Font-Font-Obrador-1995-HLL-vol.-VI-lam.-4-scaled.jpg\",\"datePublished\":\"2022-11-09T10:50:22+00:00\",\"dateModified\":\"2023-08-15T17:43:23+00:00\",\"breadcrumb\":{\"@id\":\"https:\\\/\\\/cartasonorademallorca.com\\\/en\\\/listing\\\/programa-de-fires-de-1898\\\/#breadcrumb\"},\"inLanguage\":\"en-US\",\"potentialAction\":[{\"@type\":\"ReadAction\",\"target\":[\"https:\\\/\\\/cartasonorademallorca.com\\\/en\\\/listing\\\/programa-de-fires-de-1898\\\/\"]}]},{\"@type\":\"ImageObject\",\"inLanguage\":\"en-US\",\"@id\":\"https:\\\/\\\/cartasonorademallorca.com\\\/en\\\/listing\\\/programa-de-fires-de-1898\\\/#primaryimage\",\"url\":\"https:\\\/\\\/cartasonorademallorca.com\\\/wp-content\\\/uploads\\\/2022\\\/11\\\/Fira-de-bestiar-al-carrer-major-finals-s.-XIX.-Font-Font-Obrador-1995-HLL-vol.-VI-lam.-4-scaled.jpg\",\"contentUrl\":\"https:\\\/\\\/cartasonorademallorca.com\\\/wp-content\\\/uploads\\\/2022\\\/11\\\/Fira-de-bestiar-al-carrer-major-finals-s.-XIX.-Font-Font-Obrador-1995-HLL-vol.-VI-lam.-4-scaled.jpg\",\"width\":2560,\"height\":1787,\"caption\":\"Autor: desconegut (finals s. XIX). Font: Font- Font Obrador (1995) HLL vol. VI, l\u00e0m. 4\"},{\"@type\":\"BreadcrumbList\",\"@id\":\"https:\\\/\\\/cartasonorademallorca.com\\\/en\\\/listing\\\/programa-de-fires-de-1898\\\/#breadcrumb\",\"itemListElement\":[{\"@type\":\"ListItem\",\"position\":1,\"name\":\"Portada\",\"item\":\"https:\\\/\\\/cartasonorademallorca.com\\\/en\\\/\"},{\"@type\":\"ListItem\",\"position\":2,\"name\":\"Llistats\",\"item\":\"https:\\\/\\\/cartasonorademallorca.com\\\/en\\\/arxiu\\\/\"},{\"@type\":\"ListItem\",\"position\":3,\"name\":\"Programa de fires de 1898\"}]},{\"@type\":\"WebSite\",\"@id\":\"https:\\\/\\\/cartasonorademallorca.com\\\/en\\\/#website\",\"url\":\"https:\\\/\\\/cartasonorademallorca.com\\\/en\\\/\",\"name\":\"Carta Sonora de Mallorca\",\"description\":\"\",\"potentialAction\":[{\"@type\":\"SearchAction\",\"target\":{\"@type\":\"EntryPoint\",\"urlTemplate\":\"https:\\\/\\\/cartasonorademallorca.com\\\/en\\\/?s={search_term_string}\"},\"query-input\":{\"@type\":\"PropertyValueSpecification\",\"valueRequired\":true,\"valueName\":\"search_term_string\"}}],\"inLanguage\":\"en-US\"}]}<\/script>\n<!-- \/ Yoast SEO plugin. -->","yoast_head_json":{"title":"Programa de fires de 1898 - Carta Sonora de Mallorca","robots":{"index":"index","follow":"follow","max-snippet":"max-snippet:-1","max-image-preview":"max-image-preview:large","max-video-preview":"max-video-preview:-1"},"canonical":"https:\/\/cartasonorademallorca.com\/en\/listing\/programa-de-fires-de-1898\/","og_locale":"en_US","og_type":"article","og_title":"Programa de fires de 1898 - Carta Sonora de Mallorca","og_description":"La premsa de l&#8217;\u00e8poca ens assabenta que a les fires de 1898, foren dues les bandes que, en diferents moments, apareixen programades per a realitzar concerts. El diari La Correspondencia de dimarts dia 11 d&#8217;octubre de 1898 ens descriu el programa de festes on apareixen, entre altres activitats l\u00fadiques, castells de focs artificials, teatre, sarsuela, [&hellip;]","og_url":"https:\/\/cartasonorademallorca.com\/en\/listing\/programa-de-fires-de-1898\/","og_site_name":"Carta Sonora de Mallorca","article_modified_time":"2023-08-15T17:43:23+00:00","og_image":[{"width":2560,"height":1787,"url":"https:\/\/cartasonorademallorca.com\/wp-content\/uploads\/2022\/11\/Fira-de-bestiar-al-carrer-major-finals-s.-XIX.-Font-Font-Obrador-1995-HLL-vol.-VI-lam.-4-scaled.jpg","type":"image\/jpeg"}],"twitter_card":"summary_large_image","twitter_misc":{"Est. reading time":"3 minutes"},"schema":{"@context":"https:\/\/schema.org","@graph":[{"@type":"WebPage","@id":"https:\/\/cartasonorademallorca.com\/en\/listing\/programa-de-fires-de-1898\/","url":"https:\/\/cartasonorademallorca.com\/en\/listing\/programa-de-fires-de-1898\/","name":"Programa de fires de 1898 - Carta Sonora de Mallorca","isPartOf":{"@id":"https:\/\/cartasonorademallorca.com\/en\/#website"},"primaryImageOfPage":{"@id":"https:\/\/cartasonorademallorca.com\/en\/listing\/programa-de-fires-de-1898\/#primaryimage"},"image":{"@id":"https:\/\/cartasonorademallorca.com\/en\/listing\/programa-de-fires-de-1898\/#primaryimage"},"thumbnailUrl":"https:\/\/cartasonorademallorca.com\/wp-content\/uploads\/2022\/11\/Fira-de-bestiar-al-carrer-major-finals-s.-XIX.-Font-Font-Obrador-1995-HLL-vol.-VI-lam.-4-scaled.jpg","datePublished":"2022-11-09T10:50:22+00:00","dateModified":"2023-08-15T17:43:23+00:00","breadcrumb":{"@id":"https:\/\/cartasonorademallorca.com\/en\/listing\/programa-de-fires-de-1898\/#breadcrumb"},"inLanguage":"en-US","potentialAction":[{"@type":"ReadAction","target":["https:\/\/cartasonorademallorca.com\/en\/listing\/programa-de-fires-de-1898\/"]}]},{"@type":"ImageObject","inLanguage":"en-US","@id":"https:\/\/cartasonorademallorca.com\/en\/listing\/programa-de-fires-de-1898\/#primaryimage","url":"https:\/\/cartasonorademallorca.com\/wp-content\/uploads\/2022\/11\/Fira-de-bestiar-al-carrer-major-finals-s.-XIX.-Font-Font-Obrador-1995-HLL-vol.-VI-lam.-4-scaled.jpg","contentUrl":"https:\/\/cartasonorademallorca.com\/wp-content\/uploads\/2022\/11\/Fira-de-bestiar-al-carrer-major-finals-s.-XIX.-Font-Font-Obrador-1995-HLL-vol.-VI-lam.-4-scaled.jpg","width":2560,"height":1787,"caption":"Autor: desconegut (finals s. XIX). Font: Font- Font Obrador (1995) HLL vol. VI, l\u00e0m. 4"},{"@type":"BreadcrumbList","@id":"https:\/\/cartasonorademallorca.com\/en\/listing\/programa-de-fires-de-1898\/#breadcrumb","itemListElement":[{"@type":"ListItem","position":1,"name":"Portada","item":"https:\/\/cartasonorademallorca.com\/en\/"},{"@type":"ListItem","position":2,"name":"Llistats","item":"https:\/\/cartasonorademallorca.com\/en\/arxiu\/"},{"@type":"ListItem","position":3,"name":"Programa de fires de 1898"}]},{"@type":"WebSite","@id":"https:\/\/cartasonorademallorca.com\/en\/#website","url":"https:\/\/cartasonorademallorca.com\/en\/","name":"Carta Sonora de Mallorca","description":"","potentialAction":[{"@type":"SearchAction","target":{"@type":"EntryPoint","urlTemplate":"https:\/\/cartasonorademallorca.com\/en\/?s={search_term_string}"},"query-input":{"@type":"PropertyValueSpecification","valueRequired":true,"valueName":"search_term_string"}}],"inLanguage":"en-US"}]}},"_links":{"self":[{"href":"https:\/\/cartasonorademallorca.com\/en\/wp-json\/wp\/v2\/listing\/2724","targetHints":{"allow":["GET"]}}],"collection":[{"href":"https:\/\/cartasonorademallorca.com\/en\/wp-json\/wp\/v2\/listing"}],"about":[{"href":"https:\/\/cartasonorademallorca.com\/en\/wp-json\/wp\/v2\/types\/listing"}],"replies":[{"embeddable":true,"href":"https:\/\/cartasonorademallorca.com\/en\/wp-json\/wp\/v2\/comments?post=2724"}],"wp:featuredmedia":[{"embeddable":true,"href":"https:\/\/cartasonorademallorca.com\/en\/wp-json\/wp\/v2\/media\/2350"}],"wp:attachment":[{"href":"https:\/\/cartasonorademallorca.com\/en\/wp-json\/wp\/v2\/media?parent=2724"}],"wp:term":[{"taxonomy":"post_tag","embeddable":true,"href":"https:\/\/cartasonorademallorca.com\/en\/wp-json\/wp\/v2\/tags?post=2724"},{"taxonomy":"listing_category","embeddable":true,"href":"https:\/\/cartasonorademallorca.com\/en\/wp-json\/wp\/v2\/listing_category?post=2724"},{"taxonomy":"listing_location","embeddable":true,"href":"https:\/\/cartasonorademallorca.com\/en\/wp-json\/wp\/v2\/listing_location?post=2724"},{"taxonomy":"listing_feature","embeddable":true,"href":"https:\/\/cartasonorademallorca.com\/en\/wp-json\/wp\/v2\/listing_feature?post=2724"}],"curies":[{"name":"wp","href":"https:\/\/api.w.org\/{rel}","templated":true}]}}