{"id":2845,"date":"2023-01-23T22:32:57","date_gmt":"2023-01-23T22:32:57","guid":{"rendered":"https:\/\/cartasonorademallorca.com\/listing\/te-deum-per-a-lillustrissim-bisbe-electe-juan-diaz-de-la-guerra\/"},"modified":"2023-01-23T22:35:16","modified_gmt":"2023-01-23T22:35:16","slug":"te-deum-per-a-lillustrissim-bisbe-electe-juan-diaz-de-la-guerra","status":"publish","type":"listing","link":"https:\/\/cartasonorademallorca.com\/en\/listing\/te-deum-per-a-lillustrissim-bisbe-electe-juan-diaz-de-la-guerra\/","title":{"rendered":"Te Deum per a l&#8217;Il\u00b7lustr\u00edssim bisbe electe Juan D\u00edaz de la Guerra"},"content":{"rendered":"<p>El 1772, el bisbe de Mallorca Francisco Garrido de la Vega fou traslladat a la di\u00f2cesi de C\u00f3rdoba. El substitu\u00ed en el c\u00e0rrec Juan D\u00edaz de la Guerra, nascut a Jerez de la Frontera el 1727. En l&#8217;acta capitular del dia 20 de juliol de 1772 es preveuen els preparatius per a l&#8217;acci\u00f3 de gr\u00e0cies que s&#8217;havia de dur a terme el seg\u00fcent 25 de juliol \u2013festivitat de Sant Jaume\u2013 per agrair l&#8217;elecci\u00f3 del nou bisbe, que no havia d&#8217;arribar des de Roma fins al dia 5 de setembre. A Mallorca se&#8217;l recorda per haver prohibit el culte a Ramon Llull i per haver fomentat una discussi\u00f3 social entre partidaris i detractors de Llull. Per aquesta q\u00fcesti\u00f3 el rei, Carles III, el va reubicar a la di\u00f2cesi de Sig\u00fcenza l&#8217;any 1777.<\/p>\n<p>A l&#8217;acta capitular s&#8217;hi descriuen els festejos per l&#8217;elecci\u00f3 de D\u00edaz de la Guerra entre les quals trobam el cant d&#8217;un Te Deum i un repic de campanes:<\/p>\n<blockquote><p><span style=\"font-weight: 400;\">Iltmo Sr Dean y Cabildo de la Sta Ygsia de Palma. Y ohido por su Sria el tenor esta carta: resolvi\u00f3 por uniformidad de votar; que el dia 25 de los corrientes dia del Apostol San Tiago Patron de Espa\u00f1a, acabadas completas se haga en esta Sta Ygsia un Te Deum com Procession General, per abitum dec., repicandose las campanas la noche antecedente, y al tiempo de hacerse el Te Deum en Accion de Gracias a Dios Ntro Sr. t en se\u00f1al de alegria como se acostumbra semejantes ocasiones; y que para esta funcion se vaya a combidar por medio de mi el Secretario, al Excelentisimo Sr. Capitan Gen.l y al muy alt.mo Ayuntamiento de esta ciudad. Y el vicario capitular sede vacante se sirva ordenar las providencias combenientes a fin de que concurran al Te Deum las comunidades de Seculares y regulares , mandando assi mismo, que en todas las Yglas se repiquen las campanas al tiempo que se repican en esta Cathedral.<\/span><\/p>\n<p><span style=\"font-weight: 400;\">Despu\u00e9s fueron nombrados para hacer la funcion del Te Deum los SSres canonigos que en aquel dia seran al Altar<\/span><\/p><\/blockquote>\n<p>&nbsp;<\/p>\n","protected":false},"featured_media":2843,"comment_status":"open","ping_status":"open","template":"","tags":[693,1088,448,1079,1080,1081],"listing_category":[390],"listing_location":[529,429],"listing_feature":[48,196,130],"class_list":["post-2845","listing","type-listing","status-publish","has-post-thumbnail","hentry","tag-bisbe-en","tag-bisbe-electe-en","tag-campanes-en","tag-repic-en","tag-repicar-en","tag-te-deum-en","custom_tags_1-campanes-de-la-seu-en","custom_tags_1-canonges-en","listing_category-text-en","listing_location-la-seu-en","listing_location-palma-en","listing_feature-ambit-religios","listing_feature-censura-prohibicio","listing_feature-solemnitzacio"],"acf":[],"yoast_head":"<!-- This site is optimized with the Yoast SEO plugin v27.4 - https:\/\/yoast.com\/product\/yoast-seo-wordpress\/ -->\n<title>Te Deum per a l&#039;Il\u00b7lustr\u00edssim bisbe electe Juan D\u00edaz de la Guerra - Carta Sonora de Mallorca<\/title>\n<meta name=\"robots\" content=\"index, follow, max-snippet:-1, max-image-preview:large, max-video-preview:-1\" \/>\n<link rel=\"canonical\" href=\"https:\/\/cartasonorademallorca.com\/en\/listing\/te-deum-per-a-lillustrissim-bisbe-electe-juan-diaz-de-la-guerra\/\" \/>\n<meta property=\"og:locale\" content=\"en_US\" \/>\n<meta property=\"og:type\" content=\"article\" \/>\n<meta property=\"og:title\" content=\"Te Deum per a l&#039;Il\u00b7lustr\u00edssim bisbe electe Juan D\u00edaz de la Guerra - Carta Sonora de Mallorca\" \/>\n<meta property=\"og:description\" content=\"El 1772, el bisbe de Mallorca Francisco Garrido de la Vega fou traslladat a la di\u00f2cesi de C\u00f3rdoba. El substitu\u00ed en el c\u00e0rrec Juan D\u00edaz de la Guerra, nascut a Jerez de la Frontera el 1727. En l&#8217;acta capitular del dia 20 de juliol de 1772 es preveuen els preparatius per a l&#8217;acci\u00f3 de gr\u00e0cies [&hellip;]\" \/>\n<meta property=\"og:url\" content=\"https:\/\/cartasonorademallorca.com\/en\/listing\/te-deum-per-a-lillustrissim-bisbe-electe-juan-diaz-de-la-guerra\/\" \/>\n<meta property=\"og:site_name\" content=\"Carta Sonora de Mallorca\" \/>\n<meta property=\"article:modified_time\" content=\"2023-01-23T22:35:16+00:00\" \/>\n<meta property=\"og:image\" content=\"https:\/\/cartasonorademallorca.com\/wp-content\/uploads\/2023\/01\/Birues-Retrato_de_Juan_Diaz_de_la_Guerra.jpg\" \/>\n\t<meta property=\"og:image:width\" content=\"806\" \/>\n\t<meta property=\"og:image:height\" content=\"1000\" \/>\n\t<meta property=\"og:image:type\" content=\"image\/jpeg\" \/>\n<meta name=\"twitter:card\" content=\"summary_large_image\" \/>\n<meta name=\"twitter:label1\" content=\"Est. reading time\" \/>\n\t<meta name=\"twitter:data1\" content=\"2 minutes\" \/>\n<script type=\"application\/ld+json\" class=\"yoast-schema-graph\">{\"@context\":\"https:\\\/\\\/schema.org\",\"@graph\":[{\"@type\":\"WebPage\",\"@id\":\"https:\\\/\\\/cartasonorademallorca.com\\\/en\\\/listing\\\/te-deum-per-a-lillustrissim-bisbe-electe-juan-diaz-de-la-guerra\\\/\",\"url\":\"https:\\\/\\\/cartasonorademallorca.com\\\/en\\\/listing\\\/te-deum-per-a-lillustrissim-bisbe-electe-juan-diaz-de-la-guerra\\\/\",\"name\":\"Te Deum per a l'Il\u00b7lustr\u00edssim bisbe electe Juan D\u00edaz de la Guerra - Carta Sonora de Mallorca\",\"isPartOf\":{\"@id\":\"https:\\\/\\\/cartasonorademallorca.com\\\/en\\\/#website\"},\"primaryImageOfPage\":{\"@id\":\"https:\\\/\\\/cartasonorademallorca.com\\\/en\\\/listing\\\/te-deum-per-a-lillustrissim-bisbe-electe-juan-diaz-de-la-guerra\\\/#primaryimage\"},\"image\":{\"@id\":\"https:\\\/\\\/cartasonorademallorca.com\\\/en\\\/listing\\\/te-deum-per-a-lillustrissim-bisbe-electe-juan-diaz-de-la-guerra\\\/#primaryimage\"},\"thumbnailUrl\":\"https:\\\/\\\/cartasonorademallorca.com\\\/wp-content\\\/uploads\\\/2023\\\/01\\\/Birues-Retrato_de_Juan_Diaz_de_la_Guerra.jpg\",\"datePublished\":\"2023-01-23T22:32:57+00:00\",\"dateModified\":\"2023-01-23T22:35:16+00:00\",\"breadcrumb\":{\"@id\":\"https:\\\/\\\/cartasonorademallorca.com\\\/en\\\/listing\\\/te-deum-per-a-lillustrissim-bisbe-electe-juan-diaz-de-la-guerra\\\/#breadcrumb\"},\"inLanguage\":\"en-US\",\"potentialAction\":[{\"@type\":\"ReadAction\",\"target\":[\"https:\\\/\\\/cartasonorademallorca.com\\\/en\\\/listing\\\/te-deum-per-a-lillustrissim-bisbe-electe-juan-diaz-de-la-guerra\\\/\"]}]},{\"@type\":\"ImageObject\",\"inLanguage\":\"en-US\",\"@id\":\"https:\\\/\\\/cartasonorademallorca.com\\\/en\\\/listing\\\/te-deum-per-a-lillustrissim-bisbe-electe-juan-diaz-de-la-guerra\\\/#primaryimage\",\"url\":\"https:\\\/\\\/cartasonorademallorca.com\\\/wp-content\\\/uploads\\\/2023\\\/01\\\/Birues-Retrato_de_Juan_Diaz_de_la_Guerra.jpg\",\"contentUrl\":\"https:\\\/\\\/cartasonorademallorca.com\\\/wp-content\\\/uploads\\\/2023\\\/01\\\/Birues-Retrato_de_Juan_Diaz_de_la_Guerra.jpg\",\"width\":806,\"height\":1000,\"caption\":\"Gravat: Miguel Biru\u00e9s. Font: http:\\\/\\\/bdh-rd.bne.es\\\/viewer.vm?id=0000246590\"},{\"@type\":\"BreadcrumbList\",\"@id\":\"https:\\\/\\\/cartasonorademallorca.com\\\/en\\\/listing\\\/te-deum-per-a-lillustrissim-bisbe-electe-juan-diaz-de-la-guerra\\\/#breadcrumb\",\"itemListElement\":[{\"@type\":\"ListItem\",\"position\":1,\"name\":\"Portada\",\"item\":\"https:\\\/\\\/cartasonorademallorca.com\\\/en\\\/\"},{\"@type\":\"ListItem\",\"position\":2,\"name\":\"Llistats\",\"item\":\"https:\\\/\\\/cartasonorademallorca.com\\\/en\\\/arxiu\\\/\"},{\"@type\":\"ListItem\",\"position\":3,\"name\":\"Te Deum per a l&#8217;Il\u00b7lustr\u00edssim bisbe electe Juan D\u00edaz de la Guerra\"}]},{\"@type\":\"WebSite\",\"@id\":\"https:\\\/\\\/cartasonorademallorca.com\\\/en\\\/#website\",\"url\":\"https:\\\/\\\/cartasonorademallorca.com\\\/en\\\/\",\"name\":\"Carta Sonora de Mallorca\",\"description\":\"\",\"potentialAction\":[{\"@type\":\"SearchAction\",\"target\":{\"@type\":\"EntryPoint\",\"urlTemplate\":\"https:\\\/\\\/cartasonorademallorca.com\\\/en\\\/?s={search_term_string}\"},\"query-input\":{\"@type\":\"PropertyValueSpecification\",\"valueRequired\":true,\"valueName\":\"search_term_string\"}}],\"inLanguage\":\"en-US\"}]}<\/script>\n<!-- \/ Yoast SEO plugin. -->","yoast_head_json":{"title":"Te Deum per a l'Il\u00b7lustr\u00edssim bisbe electe Juan D\u00edaz de la Guerra - Carta Sonora de Mallorca","robots":{"index":"index","follow":"follow","max-snippet":"max-snippet:-1","max-image-preview":"max-image-preview:large","max-video-preview":"max-video-preview:-1"},"canonical":"https:\/\/cartasonorademallorca.com\/en\/listing\/te-deum-per-a-lillustrissim-bisbe-electe-juan-diaz-de-la-guerra\/","og_locale":"en_US","og_type":"article","og_title":"Te Deum per a l'Il\u00b7lustr\u00edssim bisbe electe Juan D\u00edaz de la Guerra - Carta Sonora de Mallorca","og_description":"El 1772, el bisbe de Mallorca Francisco Garrido de la Vega fou traslladat a la di\u00f2cesi de C\u00f3rdoba. El substitu\u00ed en el c\u00e0rrec Juan D\u00edaz de la Guerra, nascut a Jerez de la Frontera el 1727. En l&#8217;acta capitular del dia 20 de juliol de 1772 es preveuen els preparatius per a l&#8217;acci\u00f3 de gr\u00e0cies [&hellip;]","og_url":"https:\/\/cartasonorademallorca.com\/en\/listing\/te-deum-per-a-lillustrissim-bisbe-electe-juan-diaz-de-la-guerra\/","og_site_name":"Carta Sonora de Mallorca","article_modified_time":"2023-01-23T22:35:16+00:00","og_image":[{"width":806,"height":1000,"url":"https:\/\/cartasonorademallorca.com\/wp-content\/uploads\/2023\/01\/Birues-Retrato_de_Juan_Diaz_de_la_Guerra.jpg","type":"image\/jpeg"}],"twitter_card":"summary_large_image","twitter_misc":{"Est. reading time":"2 minutes"},"schema":{"@context":"https:\/\/schema.org","@graph":[{"@type":"WebPage","@id":"https:\/\/cartasonorademallorca.com\/en\/listing\/te-deum-per-a-lillustrissim-bisbe-electe-juan-diaz-de-la-guerra\/","url":"https:\/\/cartasonorademallorca.com\/en\/listing\/te-deum-per-a-lillustrissim-bisbe-electe-juan-diaz-de-la-guerra\/","name":"Te Deum per a l'Il\u00b7lustr\u00edssim bisbe electe Juan D\u00edaz de la Guerra - Carta Sonora de Mallorca","isPartOf":{"@id":"https:\/\/cartasonorademallorca.com\/en\/#website"},"primaryImageOfPage":{"@id":"https:\/\/cartasonorademallorca.com\/en\/listing\/te-deum-per-a-lillustrissim-bisbe-electe-juan-diaz-de-la-guerra\/#primaryimage"},"image":{"@id":"https:\/\/cartasonorademallorca.com\/en\/listing\/te-deum-per-a-lillustrissim-bisbe-electe-juan-diaz-de-la-guerra\/#primaryimage"},"thumbnailUrl":"https:\/\/cartasonorademallorca.com\/wp-content\/uploads\/2023\/01\/Birues-Retrato_de_Juan_Diaz_de_la_Guerra.jpg","datePublished":"2023-01-23T22:32:57+00:00","dateModified":"2023-01-23T22:35:16+00:00","breadcrumb":{"@id":"https:\/\/cartasonorademallorca.com\/en\/listing\/te-deum-per-a-lillustrissim-bisbe-electe-juan-diaz-de-la-guerra\/#breadcrumb"},"inLanguage":"en-US","potentialAction":[{"@type":"ReadAction","target":["https:\/\/cartasonorademallorca.com\/en\/listing\/te-deum-per-a-lillustrissim-bisbe-electe-juan-diaz-de-la-guerra\/"]}]},{"@type":"ImageObject","inLanguage":"en-US","@id":"https:\/\/cartasonorademallorca.com\/en\/listing\/te-deum-per-a-lillustrissim-bisbe-electe-juan-diaz-de-la-guerra\/#primaryimage","url":"https:\/\/cartasonorademallorca.com\/wp-content\/uploads\/2023\/01\/Birues-Retrato_de_Juan_Diaz_de_la_Guerra.jpg","contentUrl":"https:\/\/cartasonorademallorca.com\/wp-content\/uploads\/2023\/01\/Birues-Retrato_de_Juan_Diaz_de_la_Guerra.jpg","width":806,"height":1000,"caption":"Gravat: Miguel Biru\u00e9s. Font: http:\/\/bdh-rd.bne.es\/viewer.vm?id=0000246590"},{"@type":"BreadcrumbList","@id":"https:\/\/cartasonorademallorca.com\/en\/listing\/te-deum-per-a-lillustrissim-bisbe-electe-juan-diaz-de-la-guerra\/#breadcrumb","itemListElement":[{"@type":"ListItem","position":1,"name":"Portada","item":"https:\/\/cartasonorademallorca.com\/en\/"},{"@type":"ListItem","position":2,"name":"Llistats","item":"https:\/\/cartasonorademallorca.com\/en\/arxiu\/"},{"@type":"ListItem","position":3,"name":"Te Deum per a l&#8217;Il\u00b7lustr\u00edssim bisbe electe Juan D\u00edaz de la Guerra"}]},{"@type":"WebSite","@id":"https:\/\/cartasonorademallorca.com\/en\/#website","url":"https:\/\/cartasonorademallorca.com\/en\/","name":"Carta Sonora de Mallorca","description":"","potentialAction":[{"@type":"SearchAction","target":{"@type":"EntryPoint","urlTemplate":"https:\/\/cartasonorademallorca.com\/en\/?s={search_term_string}"},"query-input":{"@type":"PropertyValueSpecification","valueRequired":true,"valueName":"search_term_string"}}],"inLanguage":"en-US"}]}},"_links":{"self":[{"href":"https:\/\/cartasonorademallorca.com\/en\/wp-json\/wp\/v2\/listing\/2845","targetHints":{"allow":["GET"]}}],"collection":[{"href":"https:\/\/cartasonorademallorca.com\/en\/wp-json\/wp\/v2\/listing"}],"about":[{"href":"https:\/\/cartasonorademallorca.com\/en\/wp-json\/wp\/v2\/types\/listing"}],"replies":[{"embeddable":true,"href":"https:\/\/cartasonorademallorca.com\/en\/wp-json\/wp\/v2\/comments?post=2845"}],"wp:featuredmedia":[{"embeddable":true,"href":"https:\/\/cartasonorademallorca.com\/en\/wp-json\/wp\/v2\/media\/2843"}],"wp:attachment":[{"href":"https:\/\/cartasonorademallorca.com\/en\/wp-json\/wp\/v2\/media?parent=2845"}],"wp:term":[{"taxonomy":"post_tag","embeddable":true,"href":"https:\/\/cartasonorademallorca.com\/en\/wp-json\/wp\/v2\/tags?post=2845"},{"taxonomy":"listing_category","embeddable":true,"href":"https:\/\/cartasonorademallorca.com\/en\/wp-json\/wp\/v2\/listing_category?post=2845"},{"taxonomy":"listing_location","embeddable":true,"href":"https:\/\/cartasonorademallorca.com\/en\/wp-json\/wp\/v2\/listing_location?post=2845"},{"taxonomy":"listing_feature","embeddable":true,"href":"https:\/\/cartasonorademallorca.com\/en\/wp-json\/wp\/v2\/listing_feature?post=2845"}],"curies":[{"name":"wp","href":"https:\/\/api.w.org\/{rel}","templated":true}]}}