{"id":3030,"date":"2023-06-06T07:31:17","date_gmt":"2023-06-06T07:31:17","guid":{"rendered":"https:\/\/cartasonorademallorca.com\/?post_type=listing&#038;p=3030"},"modified":"2023-06-06T07:31:19","modified_gmt":"2023-06-06T07:31:19","slug":"triennal-de-sant-crist-1960","status":"publish","type":"listing","link":"https:\/\/cartasonorademallorca.com\/en\/listing\/triennal-de-sant-crist-1960\/","title":{"rendered":"Triennal de Sant Crist 1960"},"content":{"rendered":"<figure id=\"attachment_2890\" aria-describedby=\"caption-attachment-2890\" style=\"width: 300px\" class=\"wp-caption alignnone\"><img fetchpriority=\"high\" decoding=\"async\" class=\"size-medium wp-image-2890\" src=\"https:\/\/cartasonorademallorca.com\/wp-content\/uploads\/2023\/02\/COMPANY-FORTEZA-ANTONIA_00296-300x200.jpg\" alt=\"\" width=\"300\" height=\"200\" srcset=\"https:\/\/cartasonorademallorca.com\/wp-content\/uploads\/2023\/02\/COMPANY-FORTEZA-ANTONIA_00296-300x200.jpg 300w, https:\/\/cartasonorademallorca.com\/wp-content\/uploads\/2023\/02\/COMPANY-FORTEZA-ANTONIA_00296-1024x683.jpg 1024w, https:\/\/cartasonorademallorca.com\/wp-content\/uploads\/2023\/02\/COMPANY-FORTEZA-ANTONIA_00296-768x512.jpg 768w, https:\/\/cartasonorademallorca.com\/wp-content\/uploads\/2023\/02\/COMPANY-FORTEZA-ANTONIA_00296.jpg 1063w\" sizes=\"(max-width: 300px) 100vw, 300px\" \/><figcaption id=\"caption-attachment-2890\" class=\"wp-caption-text\">Fotografia: Company Forteza, Antonia.<br \/>Font: https:\/\/fotosantiguas.diariodemallorca.es\/tribunal-del-santo-cristo-1960\/<\/figcaption><\/figure>\n<p><span class=\"TextRun SCXW2337563 BCX0\" lang=\"ES-ES\" xml:lang=\"ES-ES\" data-contrast=\"none\"><span class=\"NormalTextRun SpellingErrorV2Themed SCXW2337563 BCX0\">Triennal<\/span><span class=\"NormalTextRun SCXW2337563 BCX0\"> del Sant <\/span><span class=\"NormalTextRun SpellingErrorV2Themed SCXW2337563 BCX0\">Crist<\/span> <span class=\"NormalTextRun SpellingErrorV2Themed SCXW2337563 BCX0\">l&#8217;any<\/span><span class=\"NormalTextRun SCXW2337563 BCX0\"> 1960, una <\/span><span class=\"NormalTextRun SpellingErrorV2Themed SCXW2337563 BCX0\">process\u00f3<\/span><span class=\"NormalTextRun SCXW2337563 BCX0\"> de <\/span><span class=\"NormalTextRun SpellingErrorV2Themed SCXW2337563 BCX0\">car\u00e0cter<\/span> <span class=\"NormalTextRun SpellingErrorV2Themed SCXW2337563 BCX0\">religi\u00f3s<\/span><span class=\"NormalTextRun SCXW2337563 BCX0\"> que, cada tres <\/span><span class=\"NormalTextRun SpellingErrorV2Themed SCXW2337563 BCX0\">anys<\/span><span class=\"NormalTextRun SCXW2337563 BCX0\">, <\/span><span class=\"NormalTextRun SpellingErrorV2Themed SCXW2337563 BCX0\">commemora<\/span><span class=\"NormalTextRun SCXW2337563 BCX0\"> el <\/span><span class=\"NormalTextRun SpellingErrorV2Themed SCXW2337563 BCX0\">fet<\/span> <span class=\"NormalTextRun SpellingErrorV2Themed SCXW2337563 BCX0\">miracul\u00f3s<\/span><span class=\"NormalTextRun SCXW2337563 BCX0\"> del Sant <\/span><span class=\"NormalTextRun SpellingErrorV2Themed SCXW2337563 BCX0\">Crist<\/span><span class=\"NormalTextRun SCXW2337563 BCX0\"> que va <\/span><span class=\"NormalTextRun SpellingErrorV2Themed SCXW2337563 BCX0\">suar<\/span> <span class=\"NormalTextRun SpellingErrorV2Themed SCXW2337563 BCX0\">sang<\/span> <span class=\"NormalTextRun SpellingErrorV2Themed SCXW2337563 BCX0\">l&#8217;any<\/span><span class=\"NormalTextRun SCXW2337563 BCX0\"> 1507, una <\/span><span class=\"NormalTextRun SpellingErrorV2Themed SCXW2337563 BCX0\">tradici\u00f3<\/span><span class=\"NormalTextRun SCXW2337563 BCX0\"> que <\/span><span class=\"NormalTextRun SpellingErrorV2Themed SCXW2337563 BCX0\">els<\/span> <span class=\"NormalTextRun SpellingErrorV2Themed SCXW2337563 BCX0\">ve\u00efns<\/span> <span class=\"NormalTextRun SpellingErrorV2Themed SCXW2337563 BCX0\">d&#8217;aquesta<\/span> <span class=\"NormalTextRun SpellingErrorV2Themed SCXW2337563 BCX0\">ciutat<\/span> <span class=\"NormalTextRun SpellingErrorV2Themed SCXW2337563 BCX0\">viuen<\/span> <span class=\"NormalTextRun SpellingErrorV2Themed SCXW2337563 BCX0\">amb<\/span> <span class=\"NormalTextRun SpellingErrorV2Themed SCXW2337563 BCX0\">devoci\u00f3<\/span> <span class=\"NormalTextRun SpellingErrorV2Themed SCXW2337563 BCX0\">m\u00e9s<\/span><span class=\"NormalTextRun SCXW2337563 BCX0\"> de cinc-cents <\/span><span class=\"NormalTextRun SpellingErrorV2Themed SCXW2337563 BCX0\">anys<\/span> <span class=\"NormalTextRun SpellingErrorV2Themed SCXW2337563 BCX0\">despr\u00e9s<\/span><span class=\"NormalTextRun SCXW2337563 BCX0\">.<\/span><\/span><span class=\"EOP SCXW2337563 BCX0\" data-ccp-props=\"{&quot;201341983&quot;:0,&quot;335559739&quot;:160,&quot;335559740&quot;:259}\">\u00a0<\/span><\/p>\n","protected":false},"featured_media":2891,"comment_status":"open","ping_status":"open","template":"","tags":[550,722,578,1368,483],"listing_category":[427],"listing_location":[881],"listing_feature":[134,1188,59,48,178],"class_list":["post-3030","listing","type-listing","status-publish","has-post-thumbnail","hentry","tag-banda-de-musica-en","tag-esglesia-en","tag-festa-en","tag-fet-historic-en","tag-processo-en","custom_tags_1-banda-de-musica-dalcudia-en","listing_category-imatge-en","listing_location-alcudia-en","listing_feature-aclamacio-popular","listing_feature-acte-social","listing_feature-ambit-public","listing_feature-ambit-religios","listing_feature-festa"],"acf":[],"yoast_head":"<!-- This site is optimized with the Yoast SEO plugin v27.4 - https:\/\/yoast.com\/product\/yoast-seo-wordpress\/ -->\n<title>Triennal de Sant Crist 1960 - Carta Sonora de Mallorca<\/title>\n<meta name=\"robots\" content=\"index, follow, max-snippet:-1, max-image-preview:large, max-video-preview:-1\" \/>\n<link rel=\"canonical\" href=\"https:\/\/cartasonorademallorca.com\/en\/listing\/triennal-de-sant-crist-1960\/\" \/>\n<meta property=\"og:locale\" content=\"en_US\" \/>\n<meta property=\"og:type\" content=\"article\" \/>\n<meta property=\"og:title\" content=\"Triennal de Sant Crist 1960 - Carta Sonora de Mallorca\" \/>\n<meta property=\"og:description\" content=\"Triennal del Sant Crist l&#8217;any 1960, una process\u00f3 de car\u00e0cter religi\u00f3s que, cada tres anys, commemora el fet miracul\u00f3s del Sant Crist que va suar sang l&#8217;any 1507, una tradici\u00f3 que els ve\u00efns d&#8217;aquesta ciutat viuen amb devoci\u00f3 m\u00e9s de cinc-cents anys despr\u00e9s.\u00a0\" \/>\n<meta property=\"og:url\" content=\"https:\/\/cartasonorademallorca.com\/en\/listing\/triennal-de-sant-crist-1960\/\" \/>\n<meta property=\"og:site_name\" content=\"Carta Sonora de Mallorca\" \/>\n<meta property=\"article:modified_time\" content=\"2023-06-06T07:31:19+00:00\" \/>\n<meta property=\"og:image\" content=\"https:\/\/cartasonorademallorca.com\/wp-content\/uploads\/2023\/02\/COMPANY-FORTEZA-ANTONIA_00296.jpg\" \/>\n\t<meta property=\"og:image:width\" content=\"1063\" \/>\n\t<meta property=\"og:image:height\" content=\"709\" \/>\n\t<meta property=\"og:image:type\" content=\"image\/jpeg\" \/>\n<meta name=\"twitter:card\" content=\"summary_large_image\" \/>\n<meta name=\"twitter:label1\" content=\"Est. reading time\" \/>\n\t<meta name=\"twitter:data1\" content=\"1 minute\" \/>\n<script type=\"application\/ld+json\" class=\"yoast-schema-graph\">{\"@context\":\"https:\\\/\\\/schema.org\",\"@graph\":[{\"@type\":\"WebPage\",\"@id\":\"https:\\\/\\\/cartasonorademallorca.com\\\/en\\\/listing\\\/triennal-de-sant-crist-1960\\\/\",\"url\":\"https:\\\/\\\/cartasonorademallorca.com\\\/en\\\/listing\\\/triennal-de-sant-crist-1960\\\/\",\"name\":\"Triennal de Sant Crist 1960 - Carta Sonora de Mallorca\",\"isPartOf\":{\"@id\":\"https:\\\/\\\/cartasonorademallorca.com\\\/en\\\/#website\"},\"primaryImageOfPage\":{\"@id\":\"https:\\\/\\\/cartasonorademallorca.com\\\/en\\\/listing\\\/triennal-de-sant-crist-1960\\\/#primaryimage\"},\"image\":{\"@id\":\"https:\\\/\\\/cartasonorademallorca.com\\\/en\\\/listing\\\/triennal-de-sant-crist-1960\\\/#primaryimage\"},\"thumbnailUrl\":\"https:\\\/\\\/cartasonorademallorca.com\\\/wp-content\\\/uploads\\\/2023\\\/02\\\/COMPANY-FORTEZA-ANTONIA_00296.jpg\",\"datePublished\":\"2023-06-06T07:31:17+00:00\",\"dateModified\":\"2023-06-06T07:31:19+00:00\",\"breadcrumb\":{\"@id\":\"https:\\\/\\\/cartasonorademallorca.com\\\/en\\\/listing\\\/triennal-de-sant-crist-1960\\\/#breadcrumb\"},\"inLanguage\":\"en-US\",\"potentialAction\":[{\"@type\":\"ReadAction\",\"target\":[\"https:\\\/\\\/cartasonorademallorca.com\\\/en\\\/listing\\\/triennal-de-sant-crist-1960\\\/\"]}]},{\"@type\":\"ImageObject\",\"inLanguage\":\"en-US\",\"@id\":\"https:\\\/\\\/cartasonorademallorca.com\\\/en\\\/listing\\\/triennal-de-sant-crist-1960\\\/#primaryimage\",\"url\":\"https:\\\/\\\/cartasonorademallorca.com\\\/wp-content\\\/uploads\\\/2023\\\/02\\\/COMPANY-FORTEZA-ANTONIA_00296.jpg\",\"contentUrl\":\"https:\\\/\\\/cartasonorademallorca.com\\\/wp-content\\\/uploads\\\/2023\\\/02\\\/COMPANY-FORTEZA-ANTONIA_00296.jpg\",\"width\":1063,\"height\":709},{\"@type\":\"BreadcrumbList\",\"@id\":\"https:\\\/\\\/cartasonorademallorca.com\\\/en\\\/listing\\\/triennal-de-sant-crist-1960\\\/#breadcrumb\",\"itemListElement\":[{\"@type\":\"ListItem\",\"position\":1,\"name\":\"Portada\",\"item\":\"https:\\\/\\\/cartasonorademallorca.com\\\/en\\\/\"},{\"@type\":\"ListItem\",\"position\":2,\"name\":\"Llistats\",\"item\":\"https:\\\/\\\/cartasonorademallorca.com\\\/en\\\/arxiu\\\/\"},{\"@type\":\"ListItem\",\"position\":3,\"name\":\"Triennal de Sant Crist 1960\"}]},{\"@type\":\"WebSite\",\"@id\":\"https:\\\/\\\/cartasonorademallorca.com\\\/en\\\/#website\",\"url\":\"https:\\\/\\\/cartasonorademallorca.com\\\/en\\\/\",\"name\":\"Carta Sonora de Mallorca\",\"description\":\"\",\"potentialAction\":[{\"@type\":\"SearchAction\",\"target\":{\"@type\":\"EntryPoint\",\"urlTemplate\":\"https:\\\/\\\/cartasonorademallorca.com\\\/en\\\/?s={search_term_string}\"},\"query-input\":{\"@type\":\"PropertyValueSpecification\",\"valueRequired\":true,\"valueName\":\"search_term_string\"}}],\"inLanguage\":\"en-US\"}]}<\/script>\n<!-- \/ Yoast SEO plugin. -->","yoast_head_json":{"title":"Triennal de Sant Crist 1960 - Carta Sonora de Mallorca","robots":{"index":"index","follow":"follow","max-snippet":"max-snippet:-1","max-image-preview":"max-image-preview:large","max-video-preview":"max-video-preview:-1"},"canonical":"https:\/\/cartasonorademallorca.com\/en\/listing\/triennal-de-sant-crist-1960\/","og_locale":"en_US","og_type":"article","og_title":"Triennal de Sant Crist 1960 - Carta Sonora de Mallorca","og_description":"Triennal del Sant Crist l&#8217;any 1960, una process\u00f3 de car\u00e0cter religi\u00f3s que, cada tres anys, commemora el fet miracul\u00f3s del Sant Crist que va suar sang l&#8217;any 1507, una tradici\u00f3 que els ve\u00efns d&#8217;aquesta ciutat viuen amb devoci\u00f3 m\u00e9s de cinc-cents anys despr\u00e9s.\u00a0","og_url":"https:\/\/cartasonorademallorca.com\/en\/listing\/triennal-de-sant-crist-1960\/","og_site_name":"Carta Sonora de Mallorca","article_modified_time":"2023-06-06T07:31:19+00:00","og_image":[{"width":1063,"height":709,"url":"https:\/\/cartasonorademallorca.com\/wp-content\/uploads\/2023\/02\/COMPANY-FORTEZA-ANTONIA_00296.jpg","type":"image\/jpeg"}],"twitter_card":"summary_large_image","twitter_misc":{"Est. reading time":"1 minute"},"schema":{"@context":"https:\/\/schema.org","@graph":[{"@type":"WebPage","@id":"https:\/\/cartasonorademallorca.com\/en\/listing\/triennal-de-sant-crist-1960\/","url":"https:\/\/cartasonorademallorca.com\/en\/listing\/triennal-de-sant-crist-1960\/","name":"Triennal de Sant Crist 1960 - Carta Sonora de Mallorca","isPartOf":{"@id":"https:\/\/cartasonorademallorca.com\/en\/#website"},"primaryImageOfPage":{"@id":"https:\/\/cartasonorademallorca.com\/en\/listing\/triennal-de-sant-crist-1960\/#primaryimage"},"image":{"@id":"https:\/\/cartasonorademallorca.com\/en\/listing\/triennal-de-sant-crist-1960\/#primaryimage"},"thumbnailUrl":"https:\/\/cartasonorademallorca.com\/wp-content\/uploads\/2023\/02\/COMPANY-FORTEZA-ANTONIA_00296.jpg","datePublished":"2023-06-06T07:31:17+00:00","dateModified":"2023-06-06T07:31:19+00:00","breadcrumb":{"@id":"https:\/\/cartasonorademallorca.com\/en\/listing\/triennal-de-sant-crist-1960\/#breadcrumb"},"inLanguage":"en-US","potentialAction":[{"@type":"ReadAction","target":["https:\/\/cartasonorademallorca.com\/en\/listing\/triennal-de-sant-crist-1960\/"]}]},{"@type":"ImageObject","inLanguage":"en-US","@id":"https:\/\/cartasonorademallorca.com\/en\/listing\/triennal-de-sant-crist-1960\/#primaryimage","url":"https:\/\/cartasonorademallorca.com\/wp-content\/uploads\/2023\/02\/COMPANY-FORTEZA-ANTONIA_00296.jpg","contentUrl":"https:\/\/cartasonorademallorca.com\/wp-content\/uploads\/2023\/02\/COMPANY-FORTEZA-ANTONIA_00296.jpg","width":1063,"height":709},{"@type":"BreadcrumbList","@id":"https:\/\/cartasonorademallorca.com\/en\/listing\/triennal-de-sant-crist-1960\/#breadcrumb","itemListElement":[{"@type":"ListItem","position":1,"name":"Portada","item":"https:\/\/cartasonorademallorca.com\/en\/"},{"@type":"ListItem","position":2,"name":"Llistats","item":"https:\/\/cartasonorademallorca.com\/en\/arxiu\/"},{"@type":"ListItem","position":3,"name":"Triennal de Sant Crist 1960"}]},{"@type":"WebSite","@id":"https:\/\/cartasonorademallorca.com\/en\/#website","url":"https:\/\/cartasonorademallorca.com\/en\/","name":"Carta Sonora de Mallorca","description":"","potentialAction":[{"@type":"SearchAction","target":{"@type":"EntryPoint","urlTemplate":"https:\/\/cartasonorademallorca.com\/en\/?s={search_term_string}"},"query-input":{"@type":"PropertyValueSpecification","valueRequired":true,"valueName":"search_term_string"}}],"inLanguage":"en-US"}]}},"_links":{"self":[{"href":"https:\/\/cartasonorademallorca.com\/en\/wp-json\/wp\/v2\/listing\/3030","targetHints":{"allow":["GET"]}}],"collection":[{"href":"https:\/\/cartasonorademallorca.com\/en\/wp-json\/wp\/v2\/listing"}],"about":[{"href":"https:\/\/cartasonorademallorca.com\/en\/wp-json\/wp\/v2\/types\/listing"}],"replies":[{"embeddable":true,"href":"https:\/\/cartasonorademallorca.com\/en\/wp-json\/wp\/v2\/comments?post=3030"}],"wp:featuredmedia":[{"embeddable":true,"href":"https:\/\/cartasonorademallorca.com\/en\/wp-json\/wp\/v2\/media\/2891"}],"wp:attachment":[{"href":"https:\/\/cartasonorademallorca.com\/en\/wp-json\/wp\/v2\/media?parent=3030"}],"wp:term":[{"taxonomy":"post_tag","embeddable":true,"href":"https:\/\/cartasonorademallorca.com\/en\/wp-json\/wp\/v2\/tags?post=3030"},{"taxonomy":"listing_category","embeddable":true,"href":"https:\/\/cartasonorademallorca.com\/en\/wp-json\/wp\/v2\/listing_category?post=3030"},{"taxonomy":"listing_location","embeddable":true,"href":"https:\/\/cartasonorademallorca.com\/en\/wp-json\/wp\/v2\/listing_location?post=3030"},{"taxonomy":"listing_feature","embeddable":true,"href":"https:\/\/cartasonorademallorca.com\/en\/wp-json\/wp\/v2\/listing_feature?post=3030"}],"curies":[{"name":"wp","href":"https:\/\/api.w.org\/{rel}","templated":true}]}}