{"id":3578,"date":"2023-06-05T07:52:19","date_gmt":"2023-06-05T07:52:19","guid":{"rendered":"https:\/\/cartasonorademallorca.com\/listing\/el-saig-a-llucmajor-durant-el-s-xv\/"},"modified":"2023-08-15T17:44:42","modified_gmt":"2023-08-15T17:44:42","slug":"el-saig-a-llucmajor-durant-el-s-xv","status":"publish","type":"listing","link":"https:\/\/cartasonorademallorca.com\/en\/listing\/el-saig-a-llucmajor-durant-el-s-xv\/","title":{"rendered":"El Saig a Llucmajor durant el s. XV"},"content":{"rendered":"<p>Bartomeu Font Obrador inclou en la seva obra\u00a0<em>Hist\u00f2ria de Llucmajor<\/em> un fragment parlar de la figura del saig i les seves funcions durant el s. XIV, entre les quals trobam la pron\u00fancia dels pregons, les citacions del consell, la comunicaci\u00f3 de perill per pirateria als habitants de la marina, la neteja de la pla\u00e7a i els abeuradors p\u00fablics aix\u00ed com la salvaguarda de pollastres i \u00e0necs destinats als premis de les carreres a les festes de poble.<\/p>\n<blockquote><p>Item doni a P. Vayls sayg per tenir les oques en la dita festa de Sent Miquel, I s.; Item doni en G. Colell sayg per ascurar lo abourador e levadors e agranar la plasa entra tot VIII s.; Item doni en G. Colell sayg a XVII de setembre any MCCCC per tera que tira a la plase hon laaygo ambasave e per calsar lo pugudor del porxo per tots sos treballs, VIII s.<\/p>\n<p style=\"text-align: right;\">(AMLL, Clavariat, 1401)<\/p>\n<p>Yo Anthoni Morat\u00f3 sag atorch a vos senyer en Michel Pug clavari desus dit quem avets dats dos s. IIII per reho de anar a casa den Johan pastor per reho de noves de moros ques reselasen hi per mejor fermetat fas vos lo present albera escrit de ma den Brg. Costa fo XXIII del dit mes, II s. IIII d.<\/p>\n<p style=\"text-align: right;\">(AMLL, Clavariat, 1409).<\/p>\n<\/blockquote>\n<p>En algunes \u00e8poques els c\u00e0rrecs de pregoner i saig entrecreuaven les seves compet\u00e8ncies. A m\u00e9s, en alguns moments del s. XV va haver-hi diferents sajos dependents d&#8217;institucions diferents com ara el batle o els jurats.<\/p>\n<blockquote><p>En Jordi Serra alias de Sent Johan et. Al amat lo batle de Luchmajor o a son loch salut i dileccio. Per part aixi del honrat loch de precurador reyal en Mallorques per interes del senyor Rey com den Anthoni Morato arrendador de la corradoria del Senyor rey daquexa peroquia es stat denant nos proposat que alcunes vegades se esdeve que lo dit Anthoni Morato en die de diumenge o altra festa ha afer alcuna crida en la plassa daquexa peroquia com lo poble exit de la esgleya tocant interes del Senyor Rey o altres negocis de la cort e que en P. Garau e en P. Falques los quals aximateix usen de art de corredoria se cuyten a fer alscunes crides que han \u00a0a fer per alcuns privats e languien tant a fer les dites crides que apres lo dit Anthoni Morato no ha spayy de fer les crides que ha afer axi per lo senyor rey com per la cort per co com la gent qui ja es exida gran die de la misa sen es anada de la dita plassa de la qual cosa de sagueix destorb e perjudici no solament al dit senyor rey ans encara als fets de la cort<\/p>\n<p style=\"text-align: right;\">ARM, AH (97), 186<\/p>\n<\/blockquote>\n<p>En altres ocasions coneixem el nom dels saigs per alguna den\u00fancia en contra de la seva persona, com \u00e9s el cas de Joan Sim\u00f3:<\/p>\n<blockquote><p><em>Item paga o per ell en P. Darbocies son loch an G. Ribalta exactor de la casa dels banys de la Ciutat de Mallorques les quals de manament de mos. Palay Oniz loch del noble mos. Roger de Muncada Governador del Regne de mallorques havia despeses e convertides en la execcuci\u00f3 que fou feta de manament de dit loch. \u00a0de Governador de I hom apellat Johan Simo saig de Luchmaior delat que havia for\u00e7ada en casa sua sa fillastre e aquella corrompuda e que havia feta resistencia al batle de Luchmaior mentre volia prendre lo dit saig dels quals crims lo dit Johan Simo fo convensut per sa propia confessio que corragues per la vila e apres que fos penjat en la pla\u00e7a de la vila de Luchmajor la qual execucio fo feta dissapte a VIIII de juliol any MCCCCXII de les messions de la qual execucio fou fet compte per menut per lo dit exactor [&#8230;]<\/em><\/p>\n<p style=\"text-align: right;\">ARM- RP 3508<\/p>\n<\/blockquote>\n<p>A partir de not\u00edcies com aquesta Font Obrador confecciona una llista de saigs del s. XV: Guillem Collell i Pere Valls (1400), Guillam\u00f3 Company (1408), Antoni Morat\u00f3 (1409), Johan Sim\u00f3 (1412), Torell\u00f3 (1415), Pere Garau, Pere Falques i Antoni Morat\u00f3 (1419-21), Joan Batiat (1439), Joan Salom (1451), Pere Valls (1488).<\/p>\n","protected":false},"featured_media":1993,"comment_status":"open","ping_status":"open","template":"","tags":[2163,2164,2165],"listing_category":[390],"listing_location":[542],"listing_feature":[28,59,131,1272],"class_list":["post-3578","listing","type-listing","status-publish","has-post-thumbnail","hentry","tag-funcionari-en","tag-pregoner-en","tag-saig-en","custom_tags_1-antoni-morato-en","custom_tags_1-guillamo-company-en","custom_tags_1-guillem-collell-en","custom_tags_1-joan-batiat-en","custom_tags_1-joan-salom-en","custom_tags_1-johan-simo-en","custom_tags_1-pere-falques-en","custom_tags_1-pere-garau-en","custom_tags_1-pere-valls-en","custom_tags_1-torello-en","listing_category-text-en","listing_location-llucmajor-en","listing_feature-ambit-profa","listing_feature-ambit-public","listing_feature-clangor","listing_feature-publicitat"],"acf":[],"yoast_head":"<!-- This site is optimized with the Yoast SEO plugin v27.4 - https:\/\/yoast.com\/product\/yoast-seo-wordpress\/ -->\n<title>El Saig a Llucmajor durant el s. XV - Carta Sonora de Mallorca<\/title>\n<meta name=\"robots\" content=\"index, follow, max-snippet:-1, max-image-preview:large, max-video-preview:-1\" \/>\n<link rel=\"canonical\" href=\"https:\/\/cartasonorademallorca.com\/en\/listing\/el-saig-a-llucmajor-durant-el-s-xv\/\" \/>\n<meta property=\"og:locale\" content=\"en_US\" \/>\n<meta property=\"og:type\" content=\"article\" \/>\n<meta property=\"og:title\" content=\"El Saig a Llucmajor durant el s. XV - Carta Sonora de Mallorca\" \/>\n<meta property=\"og:description\" content=\"Bartomeu Font Obrador inclou en la seva obra\u00a0Hist\u00f2ria de Llucmajor un fragment parlar de la figura del saig i les seves funcions durant el s. XIV, entre les quals trobam la pron\u00fancia dels pregons, les citacions del consell, la comunicaci\u00f3 de perill per pirateria als habitants de la marina, la neteja de la pla\u00e7a i [&hellip;]\" \/>\n<meta property=\"og:url\" content=\"https:\/\/cartasonorademallorca.com\/en\/listing\/el-saig-a-llucmajor-durant-el-s-xv\/\" \/>\n<meta property=\"og:site_name\" content=\"Carta Sonora de Mallorca\" \/>\n<meta property=\"article:modified_time\" content=\"2023-08-15T17:44:42+00:00\" \/>\n<meta property=\"og:image\" content=\"https:\/\/cartasonorademallorca.com\/wp-content\/uploads\/2022\/08\/empty-1-1.jpg\" \/>\n\t<meta property=\"og:image:width\" content=\"400\" \/>\n\t<meta property=\"og:image:height\" content=\"234\" \/>\n\t<meta property=\"og:image:type\" content=\"image\/jpeg\" \/>\n<meta name=\"twitter:card\" content=\"summary_large_image\" \/>\n<meta name=\"twitter:label1\" content=\"Est. reading time\" \/>\n\t<meta name=\"twitter:data1\" content=\"4 minutes\" \/>\n<script type=\"application\/ld+json\" class=\"yoast-schema-graph\">{\"@context\":\"https:\\\/\\\/schema.org\",\"@graph\":[{\"@type\":\"WebPage\",\"@id\":\"https:\\\/\\\/cartasonorademallorca.com\\\/en\\\/listing\\\/el-saig-a-llucmajor-durant-el-s-xv\\\/\",\"url\":\"https:\\\/\\\/cartasonorademallorca.com\\\/en\\\/listing\\\/el-saig-a-llucmajor-durant-el-s-xv\\\/\",\"name\":\"El Saig a Llucmajor durant el s. XV - Carta Sonora de Mallorca\",\"isPartOf\":{\"@id\":\"https:\\\/\\\/cartasonorademallorca.com\\\/en\\\/#website\"},\"primaryImageOfPage\":{\"@id\":\"https:\\\/\\\/cartasonorademallorca.com\\\/en\\\/listing\\\/el-saig-a-llucmajor-durant-el-s-xv\\\/#primaryimage\"},\"image\":{\"@id\":\"https:\\\/\\\/cartasonorademallorca.com\\\/en\\\/listing\\\/el-saig-a-llucmajor-durant-el-s-xv\\\/#primaryimage\"},\"thumbnailUrl\":\"https:\\\/\\\/cartasonorademallorca.com\\\/wp-content\\\/uploads\\\/2022\\\/08\\\/empty-1-1.jpg\",\"datePublished\":\"2023-06-05T07:52:19+00:00\",\"dateModified\":\"2023-08-15T17:44:42+00:00\",\"breadcrumb\":{\"@id\":\"https:\\\/\\\/cartasonorademallorca.com\\\/en\\\/listing\\\/el-saig-a-llucmajor-durant-el-s-xv\\\/#breadcrumb\"},\"inLanguage\":\"en-US\",\"potentialAction\":[{\"@type\":\"ReadAction\",\"target\":[\"https:\\\/\\\/cartasonorademallorca.com\\\/en\\\/listing\\\/el-saig-a-llucmajor-durant-el-s-xv\\\/\"]}]},{\"@type\":\"ImageObject\",\"inLanguage\":\"en-US\",\"@id\":\"https:\\\/\\\/cartasonorademallorca.com\\\/en\\\/listing\\\/el-saig-a-llucmajor-durant-el-s-xv\\\/#primaryimage\",\"url\":\"https:\\\/\\\/cartasonorademallorca.com\\\/wp-content\\\/uploads\\\/2022\\\/08\\\/empty-1-1.jpg\",\"contentUrl\":\"https:\\\/\\\/cartasonorademallorca.com\\\/wp-content\\\/uploads\\\/2022\\\/08\\\/empty-1-1.jpg\",\"width\":400,\"height\":234},{\"@type\":\"BreadcrumbList\",\"@id\":\"https:\\\/\\\/cartasonorademallorca.com\\\/en\\\/listing\\\/el-saig-a-llucmajor-durant-el-s-xv\\\/#breadcrumb\",\"itemListElement\":[{\"@type\":\"ListItem\",\"position\":1,\"name\":\"Portada\",\"item\":\"https:\\\/\\\/cartasonorademallorca.com\\\/en\\\/\"},{\"@type\":\"ListItem\",\"position\":2,\"name\":\"Llistats\",\"item\":\"https:\\\/\\\/cartasonorademallorca.com\\\/en\\\/arxiu\\\/\"},{\"@type\":\"ListItem\",\"position\":3,\"name\":\"El Saig a Llucmajor durant el s. XV\"}]},{\"@type\":\"WebSite\",\"@id\":\"https:\\\/\\\/cartasonorademallorca.com\\\/en\\\/#website\",\"url\":\"https:\\\/\\\/cartasonorademallorca.com\\\/en\\\/\",\"name\":\"Carta Sonora de Mallorca\",\"description\":\"\",\"potentialAction\":[{\"@type\":\"SearchAction\",\"target\":{\"@type\":\"EntryPoint\",\"urlTemplate\":\"https:\\\/\\\/cartasonorademallorca.com\\\/en\\\/?s={search_term_string}\"},\"query-input\":{\"@type\":\"PropertyValueSpecification\",\"valueRequired\":true,\"valueName\":\"search_term_string\"}}],\"inLanguage\":\"en-US\"}]}<\/script>\n<!-- \/ Yoast SEO plugin. -->","yoast_head_json":{"title":"El Saig a Llucmajor durant el s. XV - Carta Sonora de Mallorca","robots":{"index":"index","follow":"follow","max-snippet":"max-snippet:-1","max-image-preview":"max-image-preview:large","max-video-preview":"max-video-preview:-1"},"canonical":"https:\/\/cartasonorademallorca.com\/en\/listing\/el-saig-a-llucmajor-durant-el-s-xv\/","og_locale":"en_US","og_type":"article","og_title":"El Saig a Llucmajor durant el s. XV - Carta Sonora de Mallorca","og_description":"Bartomeu Font Obrador inclou en la seva obra\u00a0Hist\u00f2ria de Llucmajor un fragment parlar de la figura del saig i les seves funcions durant el s. XIV, entre les quals trobam la pron\u00fancia dels pregons, les citacions del consell, la comunicaci\u00f3 de perill per pirateria als habitants de la marina, la neteja de la pla\u00e7a i [&hellip;]","og_url":"https:\/\/cartasonorademallorca.com\/en\/listing\/el-saig-a-llucmajor-durant-el-s-xv\/","og_site_name":"Carta Sonora de Mallorca","article_modified_time":"2023-08-15T17:44:42+00:00","og_image":[{"width":400,"height":234,"url":"https:\/\/cartasonorademallorca.com\/wp-content\/uploads\/2022\/08\/empty-1-1.jpg","type":"image\/jpeg"}],"twitter_card":"summary_large_image","twitter_misc":{"Est. reading time":"4 minutes"},"schema":{"@context":"https:\/\/schema.org","@graph":[{"@type":"WebPage","@id":"https:\/\/cartasonorademallorca.com\/en\/listing\/el-saig-a-llucmajor-durant-el-s-xv\/","url":"https:\/\/cartasonorademallorca.com\/en\/listing\/el-saig-a-llucmajor-durant-el-s-xv\/","name":"El Saig a Llucmajor durant el s. XV - Carta Sonora de Mallorca","isPartOf":{"@id":"https:\/\/cartasonorademallorca.com\/en\/#website"},"primaryImageOfPage":{"@id":"https:\/\/cartasonorademallorca.com\/en\/listing\/el-saig-a-llucmajor-durant-el-s-xv\/#primaryimage"},"image":{"@id":"https:\/\/cartasonorademallorca.com\/en\/listing\/el-saig-a-llucmajor-durant-el-s-xv\/#primaryimage"},"thumbnailUrl":"https:\/\/cartasonorademallorca.com\/wp-content\/uploads\/2022\/08\/empty-1-1.jpg","datePublished":"2023-06-05T07:52:19+00:00","dateModified":"2023-08-15T17:44:42+00:00","breadcrumb":{"@id":"https:\/\/cartasonorademallorca.com\/en\/listing\/el-saig-a-llucmajor-durant-el-s-xv\/#breadcrumb"},"inLanguage":"en-US","potentialAction":[{"@type":"ReadAction","target":["https:\/\/cartasonorademallorca.com\/en\/listing\/el-saig-a-llucmajor-durant-el-s-xv\/"]}]},{"@type":"ImageObject","inLanguage":"en-US","@id":"https:\/\/cartasonorademallorca.com\/en\/listing\/el-saig-a-llucmajor-durant-el-s-xv\/#primaryimage","url":"https:\/\/cartasonorademallorca.com\/wp-content\/uploads\/2022\/08\/empty-1-1.jpg","contentUrl":"https:\/\/cartasonorademallorca.com\/wp-content\/uploads\/2022\/08\/empty-1-1.jpg","width":400,"height":234},{"@type":"BreadcrumbList","@id":"https:\/\/cartasonorademallorca.com\/en\/listing\/el-saig-a-llucmajor-durant-el-s-xv\/#breadcrumb","itemListElement":[{"@type":"ListItem","position":1,"name":"Portada","item":"https:\/\/cartasonorademallorca.com\/en\/"},{"@type":"ListItem","position":2,"name":"Llistats","item":"https:\/\/cartasonorademallorca.com\/en\/arxiu\/"},{"@type":"ListItem","position":3,"name":"El Saig a Llucmajor durant el s. XV"}]},{"@type":"WebSite","@id":"https:\/\/cartasonorademallorca.com\/en\/#website","url":"https:\/\/cartasonorademallorca.com\/en\/","name":"Carta Sonora de Mallorca","description":"","potentialAction":[{"@type":"SearchAction","target":{"@type":"EntryPoint","urlTemplate":"https:\/\/cartasonorademallorca.com\/en\/?s={search_term_string}"},"query-input":{"@type":"PropertyValueSpecification","valueRequired":true,"valueName":"search_term_string"}}],"inLanguage":"en-US"}]}},"_links":{"self":[{"href":"https:\/\/cartasonorademallorca.com\/en\/wp-json\/wp\/v2\/listing\/3578","targetHints":{"allow":["GET"]}}],"collection":[{"href":"https:\/\/cartasonorademallorca.com\/en\/wp-json\/wp\/v2\/listing"}],"about":[{"href":"https:\/\/cartasonorademallorca.com\/en\/wp-json\/wp\/v2\/types\/listing"}],"replies":[{"embeddable":true,"href":"https:\/\/cartasonorademallorca.com\/en\/wp-json\/wp\/v2\/comments?post=3578"}],"wp:featuredmedia":[{"embeddable":true,"href":"https:\/\/cartasonorademallorca.com\/en\/wp-json\/wp\/v2\/media\/1993"}],"wp:attachment":[{"href":"https:\/\/cartasonorademallorca.com\/en\/wp-json\/wp\/v2\/media?parent=3578"}],"wp:term":[{"taxonomy":"post_tag","embeddable":true,"href":"https:\/\/cartasonorademallorca.com\/en\/wp-json\/wp\/v2\/tags?post=3578"},{"taxonomy":"listing_category","embeddable":true,"href":"https:\/\/cartasonorademallorca.com\/en\/wp-json\/wp\/v2\/listing_category?post=3578"},{"taxonomy":"listing_location","embeddable":true,"href":"https:\/\/cartasonorademallorca.com\/en\/wp-json\/wp\/v2\/listing_location?post=3578"},{"taxonomy":"listing_feature","embeddable":true,"href":"https:\/\/cartasonorademallorca.com\/en\/wp-json\/wp\/v2\/listing_feature?post=3578"}],"curies":[{"name":"wp","href":"https:\/\/api.w.org\/{rel}","templated":true}]}}