{"id":3591,"date":"2023-06-06T07:48:53","date_gmt":"2023-06-06T07:48:53","guid":{"rendered":"https:\/\/cartasonorademallorca.com\/listing\/teatre-pollentia\/"},"modified":"2024-07-22T09:15:51","modified_gmt":"2024-07-22T09:15:51","slug":"teatre-pollentia","status":"publish","type":"listing","link":"https:\/\/cartasonorademallorca.com\/en\/listing\/teatre-pollentia\/","title":{"rendered":"Teatre Pollentia"},"content":{"rendered":"<p><span class=\"TextRun SCXW66955491 BCX0\" lang=\"ES-ES\" xml:lang=\"ES-ES\" data-contrast=\"none\"><span class=\"NormalTextRun SpellingErrorV2Themed SCXW66955491 BCX0\">Als<\/span><span class=\"NormalTextRun SCXW66955491 BCX0\"> afores de la <\/span><span class=\"NormalTextRun SpellingErrorV2Themed SCXW66955491 BCX0\">ciutat<\/span><span class=\"NormalTextRun SCXW66955491 BCX0\"> romana de <\/span><span class=\"NormalTextRun SpellingErrorV2Themed SCXW66955491 BCX0\">Pollentia<\/span><span class=\"NormalTextRun SCXW66955491 BCX0\"> a Mallorca, es <\/span><span class=\"NormalTextRun SCXW66955491 BCX0\">troba<\/span> <span class=\"NormalTextRun SpellingErrorV2Themed SCXW66955491 BCX0\">l&#8217;\u00fanic<\/span> <span class=\"NormalTextRun SpellingErrorV2Themed SCXW66955491 BCX0\">teatre<\/span> <span class=\"NormalTextRun SpellingErrorV2Themed SCXW66955491 BCX0\">rom\u00e0<\/span> <span class=\"NormalTextRun SpellingErrorV2Themed SCXW66955491 BCX0\">conservat<\/span><span class=\"NormalTextRun SCXW66955491 BCX0\"> a <\/span><span class=\"NormalTextRun SpellingErrorV2Themed SCXW66955491 BCX0\">l&#8217;illa<\/span><span class=\"NormalTextRun SCXW66955491 BCX0\">. <\/span><span class=\"NormalTextRun SpellingErrorV2Themed SCXW66955491 BCX0\">Aquest<\/span> <span class=\"NormalTextRun SpellingErrorV2Themed SCXW66955491 BCX0\">teatre<\/span><span class=\"NormalTextRun SCXW66955491 BCX0\">, <\/span><span class=\"NormalTextRun SpellingErrorV2Themed SCXW66955491 BCX0\">constru\u00eft<\/span><span class=\"NormalTextRun SCXW66955491 BCX0\"> en el <\/span><span class=\"NormalTextRun SpellingErrorV2Themed SCXW66955491 BCX0\">segle<\/span><span class=\"NormalTextRun SCXW66955491 BCX0\"> I <\/span><span class=\"NormalTextRun SpellingErrorV2Themed SCXW66955491 BCX0\">dC<\/span><span class=\"NormalTextRun SCXW66955491 BCX0\">, va ser un <\/span><span class=\"NormalTextRun SpellingErrorV2Themed SCXW66955491 BCX0\">important<\/span><span class=\"NormalTextRun SCXW66955491 BCX0\"> centre <\/span><span class=\"NormalTextRun SpellingErrorV2Themed SCXW66955491 BCX0\">d&#8217;entreteniment<\/span><span class=\"NormalTextRun SCXW66955491 BCX0\"> per a la <\/span><span class=\"NormalTextRun SpellingErrorV2Themed SCXW66955491 BCX0\">poblaci\u00f3<\/span><span class=\"NormalTextRun SCXW66955491 BCX0\"> local. El <\/span><span class=\"NormalTextRun SpellingErrorV2Themed SCXW66955491 BCX0\">teatre<\/span><span class=\"NormalTextRun SCXW66955491 BCX0\">, de planta semicircular i <\/span><span class=\"NormalTextRun SpellingErrorV2Themed SCXW66955491 BCX0\">sense<\/span> <span class=\"NormalTextRun SCXW66955491 BCX0\">sostre<\/span><span class=\"NormalTextRun SCXW66955491 BCX0\">, <\/span><span class=\"NormalTextRun SpellingErrorV2Themed SCXW66955491 BCX0\">compta<\/span> <span class=\"NormalTextRun SpellingErrorV2Themed SCXW66955491 BCX0\">amb<\/span><span class=\"NormalTextRun SCXW66955491 BCX0\"> una <\/span><span class=\"NormalTextRun ContextualSpellingAndGrammarErrorV2Themed SCXW66955491 BCX0\">ben<\/span><span class=\"NormalTextRun ContextualSpellingAndGrammarErrorV2Themed SCXW66955491 BCX0\"> preservada<\/span> <span class=\"NormalTextRun SpellingErrorV2Themed SCXW66955491 BCX0\">graderia<\/span><span class=\"NormalTextRun SCXW66955491 BCX0\"> o <\/span><span class=\"NormalTextRun SpellingErrorV2Themed SCXW66955491 BCX0\">c\u00e0vea<\/span><span class=\"NormalTextRun SCXW66955491 BCX0\">, <\/span><span class=\"NormalTextRun SpellingErrorV2Themed SCXW66955491 BCX0\">l&#8217;orquestra<\/span><span class=\"NormalTextRun SCXW66955491 BCX0\"> i <\/span><span class=\"NormalTextRun SpellingErrorV2Themed SCXW66955491 BCX0\">l&#8217;escena<\/span><span class=\"NormalTextRun SCXW66955491 BCX0\">. A <\/span><span class=\"NormalTextRun SpellingErrorV2Themed SCXW66955491 BCX0\">m\u00e9s<\/span><span class=\"NormalTextRun SCXW66955491 BCX0\">, el <\/span><span class=\"NormalTextRun SpellingErrorV2Themed SCXW66955491 BCX0\">teatre<\/span> <span class=\"NormalTextRun SpellingErrorV2Themed SCXW66955491 BCX0\">est\u00e0<\/span> <span class=\"NormalTextRun SpellingErrorV2Themed SCXW66955491 BCX0\">declarat<\/span> <span class=\"NormalTextRun SpellingErrorV2Themed SCXW66955491 BCX0\">b\u00e9<\/span> <span class=\"NormalTextRun SpellingErrorV2Themed SCXW66955491 BCX0\">d&#8217;inter\u00e8s<\/span><span class=\"NormalTextRun SCXW66955491 BCX0\"> cultural. La <\/span><span class=\"NormalTextRun SpellingErrorV2Themed SCXW66955491 BCX0\">graderia<\/span> <span class=\"NormalTextRun SpellingErrorV2Themed SCXW66955491 BCX0\">estava<\/span> <span class=\"NormalTextRun SpellingErrorV2Themed SCXW66955491 BCX0\">semiexcavada<\/span><span class=\"NormalTextRun SCXW66955491 BCX0\"> en la roca i <\/span><span class=\"NormalTextRun SpellingErrorV2Themed SCXW66955491 BCX0\">podia<\/span> <span class=\"NormalTextRun SpellingErrorV2Themed SCXW66955491 BCX0\">allotjar<\/span><span class=\"NormalTextRun SCXW66955491 BCX0\"> entre 1500 i 2000 <\/span><span class=\"NormalTextRun SpellingErrorV2Themed SCXW66955491 BCX0\">espectadors<\/span><span class=\"NormalTextRun SCXW66955491 BCX0\">. Sota es <\/span><span class=\"NormalTextRun SpellingErrorV2Themed SCXW66955491 BCX0\">trobava<\/span> <span class=\"NormalTextRun SpellingErrorV2Themed SCXW66955491 BCX0\">l&#8217;orquestra<\/span><span class=\"NormalTextRun SCXW66955491 BCX0\">, <\/span><span class=\"NormalTextRun SpellingErrorV2Themed SCXW66955491 BCX0\">on<\/span> <span class=\"NormalTextRun SpellingErrorV2Themed SCXW66955491 BCX0\">s&#8217;asseien<\/span><span class=\"NormalTextRun SCXW66955491 BCX0\"> les <\/span><span class=\"NormalTextRun SpellingErrorV2Themed SCXW66955491 BCX0\">principals<\/span> <span class=\"NormalTextRun SpellingErrorV2Themed SCXW66955491 BCX0\">autoritats<\/span><span class=\"NormalTextRun SCXW66955491 BCX0\"> i el <\/span><span class=\"NormalTextRun SpellingErrorV2Themed SCXW66955491 BCX0\">cor<\/span><span class=\"NormalTextRun SCXW66955491 BCX0\">. <\/span><span class=\"NormalTextRun SpellingErrorV2Themed SCXW66955491 BCX0\">L&#8217;escena<\/span><span class=\"NormalTextRun SCXW66955491 BCX0\">, situada en un <\/span><span class=\"NormalTextRun SpellingErrorV2Themed SCXW66955491 BCX0\">nivell<\/span><span class=\"NormalTextRun SCXW66955491 BCX0\"> superior, <\/span><span class=\"NormalTextRun ContextualSpellingAndGrammarErrorV2Themed SCXW66955491 BCX0\">tenia<\/span><span class=\"NormalTextRun SCXW66955491 BCX0\"> una forma rectangular per a facilitar la <\/span><span class=\"NormalTextRun SpellingErrorV2Themed SCXW66955491 BCX0\">visibilitat<\/span> <span class=\"NormalTextRun SpellingErrorV2Themed SCXW66955491 BCX0\">dels<\/span> <span class=\"NormalTextRun SpellingErrorV2Themed SCXW66955491 BCX0\">espectadors<\/span><span class=\"NormalTextRun SCXW66955491 BCX0\">. El <\/span><span class=\"NormalTextRun SpellingErrorV2Themed SCXW66955491 BCX0\">teatre<\/span> <span class=\"NormalTextRun SCXW66955491 BCX0\">tamb\u00e9<\/span> <span class=\"NormalTextRun SpellingErrorV2Themed SCXW66955491 BCX0\">ofereix<\/span> <span class=\"NormalTextRun SpellingErrorV2Themed SCXW66955491 BCX0\">acc\u00e9s<\/span><span class=\"NormalTextRun SCXW66955491 BCX0\"> al <\/span><span class=\"NormalTextRun SpellingErrorV2Themed SCXW66955491 BCX0\">F\u00f2rum<\/span><span class=\"NormalTextRun SCXW66955491 BCX0\"> des del <\/span><span class=\"NormalTextRun SpellingErrorV2Themed SCXW66955491 BCX0\">seu<\/span> <span class=\"NormalTextRun SCXW66955491 BCX0\">i<\/span><span class=\"NormalTextRun SCXW66955491 BCX0\">nterior.<\/span><\/span><span class=\"EOP SCXW66955491 BCX0\" data-ccp-props=\"{&quot;201341983&quot;:0,&quot;335559739&quot;:160,&quot;335559740&quot;:259}\">\u00a0<\/span><\/p>\n","protected":false},"featured_media":3589,"comment_status":"open","ping_status":"open","template":"","tags":[2233,2234,1776,2235,2236,752],"listing_category":[427],"listing_location":[881],"listing_feature":[],"class_list":["post-3591","listing","type-listing","status-publish","has-post-thumbnail","hentry","tag-arqueologia-en","tag-art-en","tag-cultura-en","tag-imperi-roma-en","tag-patrimoni-cultural-en","tag-teatre-en","listing_category-imatge-en","listing_location-alcudia-en"],"acf":[],"yoast_head":"<!-- This site is optimized with the Yoast SEO plugin v27.4 - https:\/\/yoast.com\/product\/yoast-seo-wordpress\/ -->\n<title>Teatre Pollentia - Carta Sonora de Mallorca<\/title>\n<meta name=\"robots\" content=\"index, follow, max-snippet:-1, max-image-preview:large, max-video-preview:-1\" \/>\n<link rel=\"canonical\" href=\"https:\/\/cartasonorademallorca.com\/en\/listing\/teatre-pollentia\/\" \/>\n<meta property=\"og:locale\" content=\"en_US\" \/>\n<meta property=\"og:type\" content=\"article\" \/>\n<meta property=\"og:title\" content=\"Teatre Pollentia - Carta Sonora de Mallorca\" \/>\n<meta property=\"og:description\" content=\"Als afores de la ciutat romana de Pollentia a Mallorca, es troba l&#8217;\u00fanic teatre rom\u00e0 conservat a l&#8217;illa. Aquest teatre, constru\u00eft en el segle I dC, va ser un important centre d&#8217;entreteniment per a la poblaci\u00f3 local. El teatre, de planta semicircular i sense sostre, compta amb una ben preservada graderia o c\u00e0vea, l&#8217;orquestra i [&hellip;]\" \/>\n<meta property=\"og:url\" content=\"https:\/\/cartasonorademallorca.com\/en\/listing\/teatre-pollentia\/\" \/>\n<meta property=\"og:site_name\" content=\"Carta Sonora de Mallorca\" \/>\n<meta property=\"article:modified_time\" content=\"2024-07-22T09:15:51+00:00\" \/>\n<meta property=\"og:image\" content=\"https:\/\/cartasonorademallorca.com\/wp-content\/uploads\/2023\/03\/1024px-Pollentia_23.jpg\" \/>\n\t<meta property=\"og:image:width\" content=\"1024\" \/>\n\t<meta property=\"og:image:height\" content=\"768\" \/>\n\t<meta property=\"og:image:type\" content=\"image\/jpeg\" \/>\n<meta name=\"twitter:card\" content=\"summary_large_image\" \/>\n<meta name=\"twitter:label1\" content=\"Est. reading time\" \/>\n\t<meta name=\"twitter:data1\" content=\"1 minute\" \/>\n<script type=\"application\/ld+json\" class=\"yoast-schema-graph\">{\"@context\":\"https:\\\/\\\/schema.org\",\"@graph\":[{\"@type\":\"WebPage\",\"@id\":\"https:\\\/\\\/cartasonorademallorca.com\\\/en\\\/listing\\\/teatre-pollentia\\\/\",\"url\":\"https:\\\/\\\/cartasonorademallorca.com\\\/en\\\/listing\\\/teatre-pollentia\\\/\",\"name\":\"Teatre Pollentia - Carta Sonora de Mallorca\",\"isPartOf\":{\"@id\":\"https:\\\/\\\/cartasonorademallorca.com\\\/en\\\/#website\"},\"primaryImageOfPage\":{\"@id\":\"https:\\\/\\\/cartasonorademallorca.com\\\/en\\\/listing\\\/teatre-pollentia\\\/#primaryimage\"},\"image\":{\"@id\":\"https:\\\/\\\/cartasonorademallorca.com\\\/en\\\/listing\\\/teatre-pollentia\\\/#primaryimage\"},\"thumbnailUrl\":\"https:\\\/\\\/cartasonorademallorca.com\\\/wp-content\\\/uploads\\\/2023\\\/03\\\/1024px-Pollentia_23.jpg\",\"datePublished\":\"2023-06-06T07:48:53+00:00\",\"dateModified\":\"2024-07-22T09:15:51+00:00\",\"breadcrumb\":{\"@id\":\"https:\\\/\\\/cartasonorademallorca.com\\\/en\\\/listing\\\/teatre-pollentia\\\/#breadcrumb\"},\"inLanguage\":\"en-US\",\"potentialAction\":[{\"@type\":\"ReadAction\",\"target\":[\"https:\\\/\\\/cartasonorademallorca.com\\\/en\\\/listing\\\/teatre-pollentia\\\/\"]}]},{\"@type\":\"ImageObject\",\"inLanguage\":\"en-US\",\"@id\":\"https:\\\/\\\/cartasonorademallorca.com\\\/en\\\/listing\\\/teatre-pollentia\\\/#primaryimage\",\"url\":\"https:\\\/\\\/cartasonorademallorca.com\\\/wp-content\\\/uploads\\\/2023\\\/03\\\/1024px-Pollentia_23.jpg\",\"contentUrl\":\"https:\\\/\\\/cartasonorademallorca.com\\\/wp-content\\\/uploads\\\/2023\\\/03\\\/1024px-Pollentia_23.jpg\",\"width\":1024,\"height\":768,\"caption\":\"Autor:\"},{\"@type\":\"BreadcrumbList\",\"@id\":\"https:\\\/\\\/cartasonorademallorca.com\\\/en\\\/listing\\\/teatre-pollentia\\\/#breadcrumb\",\"itemListElement\":[{\"@type\":\"ListItem\",\"position\":1,\"name\":\"Portada\",\"item\":\"https:\\\/\\\/cartasonorademallorca.com\\\/en\\\/\"},{\"@type\":\"ListItem\",\"position\":2,\"name\":\"Llistats\",\"item\":\"https:\\\/\\\/cartasonorademallorca.com\\\/en\\\/arxiu\\\/\"},{\"@type\":\"ListItem\",\"position\":3,\"name\":\"Teatre Pollentia\"}]},{\"@type\":\"WebSite\",\"@id\":\"https:\\\/\\\/cartasonorademallorca.com\\\/en\\\/#website\",\"url\":\"https:\\\/\\\/cartasonorademallorca.com\\\/en\\\/\",\"name\":\"Carta Sonora de Mallorca\",\"description\":\"\",\"potentialAction\":[{\"@type\":\"SearchAction\",\"target\":{\"@type\":\"EntryPoint\",\"urlTemplate\":\"https:\\\/\\\/cartasonorademallorca.com\\\/en\\\/?s={search_term_string}\"},\"query-input\":{\"@type\":\"PropertyValueSpecification\",\"valueRequired\":true,\"valueName\":\"search_term_string\"}}],\"inLanguage\":\"en-US\"}]}<\/script>\n<!-- \/ Yoast SEO plugin. -->","yoast_head_json":{"title":"Teatre Pollentia - Carta Sonora de Mallorca","robots":{"index":"index","follow":"follow","max-snippet":"max-snippet:-1","max-image-preview":"max-image-preview:large","max-video-preview":"max-video-preview:-1"},"canonical":"https:\/\/cartasonorademallorca.com\/en\/listing\/teatre-pollentia\/","og_locale":"en_US","og_type":"article","og_title":"Teatre Pollentia - Carta Sonora de Mallorca","og_description":"Als afores de la ciutat romana de Pollentia a Mallorca, es troba l&#8217;\u00fanic teatre rom\u00e0 conservat a l&#8217;illa. Aquest teatre, constru\u00eft en el segle I dC, va ser un important centre d&#8217;entreteniment per a la poblaci\u00f3 local. El teatre, de planta semicircular i sense sostre, compta amb una ben preservada graderia o c\u00e0vea, l&#8217;orquestra i [&hellip;]","og_url":"https:\/\/cartasonorademallorca.com\/en\/listing\/teatre-pollentia\/","og_site_name":"Carta Sonora de Mallorca","article_modified_time":"2024-07-22T09:15:51+00:00","og_image":[{"width":1024,"height":768,"url":"https:\/\/cartasonorademallorca.com\/wp-content\/uploads\/2023\/03\/1024px-Pollentia_23.jpg","type":"image\/jpeg"}],"twitter_card":"summary_large_image","twitter_misc":{"Est. reading time":"1 minute"},"schema":{"@context":"https:\/\/schema.org","@graph":[{"@type":"WebPage","@id":"https:\/\/cartasonorademallorca.com\/en\/listing\/teatre-pollentia\/","url":"https:\/\/cartasonorademallorca.com\/en\/listing\/teatre-pollentia\/","name":"Teatre Pollentia - Carta Sonora de Mallorca","isPartOf":{"@id":"https:\/\/cartasonorademallorca.com\/en\/#website"},"primaryImageOfPage":{"@id":"https:\/\/cartasonorademallorca.com\/en\/listing\/teatre-pollentia\/#primaryimage"},"image":{"@id":"https:\/\/cartasonorademallorca.com\/en\/listing\/teatre-pollentia\/#primaryimage"},"thumbnailUrl":"https:\/\/cartasonorademallorca.com\/wp-content\/uploads\/2023\/03\/1024px-Pollentia_23.jpg","datePublished":"2023-06-06T07:48:53+00:00","dateModified":"2024-07-22T09:15:51+00:00","breadcrumb":{"@id":"https:\/\/cartasonorademallorca.com\/en\/listing\/teatre-pollentia\/#breadcrumb"},"inLanguage":"en-US","potentialAction":[{"@type":"ReadAction","target":["https:\/\/cartasonorademallorca.com\/en\/listing\/teatre-pollentia\/"]}]},{"@type":"ImageObject","inLanguage":"en-US","@id":"https:\/\/cartasonorademallorca.com\/en\/listing\/teatre-pollentia\/#primaryimage","url":"https:\/\/cartasonorademallorca.com\/wp-content\/uploads\/2023\/03\/1024px-Pollentia_23.jpg","contentUrl":"https:\/\/cartasonorademallorca.com\/wp-content\/uploads\/2023\/03\/1024px-Pollentia_23.jpg","width":1024,"height":768,"caption":"Autor:"},{"@type":"BreadcrumbList","@id":"https:\/\/cartasonorademallorca.com\/en\/listing\/teatre-pollentia\/#breadcrumb","itemListElement":[{"@type":"ListItem","position":1,"name":"Portada","item":"https:\/\/cartasonorademallorca.com\/en\/"},{"@type":"ListItem","position":2,"name":"Llistats","item":"https:\/\/cartasonorademallorca.com\/en\/arxiu\/"},{"@type":"ListItem","position":3,"name":"Teatre Pollentia"}]},{"@type":"WebSite","@id":"https:\/\/cartasonorademallorca.com\/en\/#website","url":"https:\/\/cartasonorademallorca.com\/en\/","name":"Carta Sonora de Mallorca","description":"","potentialAction":[{"@type":"SearchAction","target":{"@type":"EntryPoint","urlTemplate":"https:\/\/cartasonorademallorca.com\/en\/?s={search_term_string}"},"query-input":{"@type":"PropertyValueSpecification","valueRequired":true,"valueName":"search_term_string"}}],"inLanguage":"en-US"}]}},"_links":{"self":[{"href":"https:\/\/cartasonorademallorca.com\/en\/wp-json\/wp\/v2\/listing\/3591","targetHints":{"allow":["GET"]}}],"collection":[{"href":"https:\/\/cartasonorademallorca.com\/en\/wp-json\/wp\/v2\/listing"}],"about":[{"href":"https:\/\/cartasonorademallorca.com\/en\/wp-json\/wp\/v2\/types\/listing"}],"replies":[{"embeddable":true,"href":"https:\/\/cartasonorademallorca.com\/en\/wp-json\/wp\/v2\/comments?post=3591"}],"wp:featuredmedia":[{"embeddable":true,"href":"https:\/\/cartasonorademallorca.com\/en\/wp-json\/wp\/v2\/media\/3589"}],"wp:attachment":[{"href":"https:\/\/cartasonorademallorca.com\/en\/wp-json\/wp\/v2\/media?parent=3591"}],"wp:term":[{"taxonomy":"post_tag","embeddable":true,"href":"https:\/\/cartasonorademallorca.com\/en\/wp-json\/wp\/v2\/tags?post=3591"},{"taxonomy":"listing_category","embeddable":true,"href":"https:\/\/cartasonorademallorca.com\/en\/wp-json\/wp\/v2\/listing_category?post=3591"},{"taxonomy":"listing_location","embeddable":true,"href":"https:\/\/cartasonorademallorca.com\/en\/wp-json\/wp\/v2\/listing_location?post=3591"},{"taxonomy":"listing_feature","embeddable":true,"href":"https:\/\/cartasonorademallorca.com\/en\/wp-json\/wp\/v2\/listing_feature?post=3591"}],"curies":[{"name":"wp","href":"https:\/\/api.w.org\/{rel}","templated":true}]}}