{"id":3960,"date":"2023-10-29T21:33:52","date_gmt":"2023-10-29T21:33:52","guid":{"rendered":"https:\/\/cartasonorademallorca.com\/listing\/el-pi-de-sant-antoni-1979\/"},"modified":"2023-10-29T21:34:21","modified_gmt":"2023-10-29T21:34:21","slug":"el-pi-de-sant-antoni-1979","status":"publish","type":"listing","link":"https:\/\/cartasonorademallorca.com\/en\/listing\/el-pi-de-sant-antoni-1979\/","title":{"rendered":"El pi de Sant Antoni (1979)"},"content":{"rendered":"<p>&nbsp;<\/p>\n<p>El pi de Sant Antoni \u00e9s una festivitat popular realitzada a Pollen\u00e7a el dia d17 de gener. La Gran Enciclopedia Catalana en diu:<\/p>\n<div class=\"views-field views-field-field-brief\">\n<div class=\"field-content\">\n<blockquote><p>Festa popular que se celebra a Pollen\u00e7a (Mallorca) el dia de sant Antoni Abat, consistent en l\u2019ascensi\u00f3 a un tronc de pi per tal d\u2019aconseguir el trofeu, un gall lligat al cim.<\/p>\n<p>El pi, que sol fer de divuit a vint metres, \u00e9s donat per una de les possesions de la comarca; colles de joves i homes \u2014sobrepassen els dos-cents individus\u2014 van a buscar-lo i despr\u00e9s de dinar el planten a la pla\u00e7a Vella. Comen\u00e7a la competici\u00f3 despr\u00e9s d\u2019haver untat el pi, ja sense escor\u00e7a, amb sab\u00f3 fluix i blanc d\u2019ou. Abans era col\u00b7locat la vig\u00edlia de la festa, per\u00f2 ara es fa el mateix dia de sant Antoni i la competici\u00f3 sols \u00e9s motiu de recordaci\u00f3 dins la programaci\u00f3 dels actes festius (en el seu origen devia tenir un sentit de torneig amor\u00f3s). Hi resta fins el dimecres de Cendra, que \u00e9s arrencat i fet estelles; abans s\u2019arrencava despr\u00e9s de Pasqua i tenia segurament un sentit penitencial.<\/p>\n<p style=\"text-align: right;\">Gran Enciclop\u00e8dia Catalana<\/p>\n<\/blockquote>\n<\/div>\n<\/div>\n<div class=\"views-field views-field-body\">\n<div class=\"field-content\">\n<div class=\"div-div1\">\n<figure id=\"attachment_3957\" aria-describedby=\"caption-attachment-3957\" style=\"width: 372px\" class=\"wp-caption aligncenter\"><img fetchpriority=\"high\" decoding=\"async\" class=\" wp-image-3957\" src=\"https:\/\/cartasonorademallorca.com\/wp-content\/uploads\/2023\/10\/1658663_666583173394279_32217745_o-300x175.jpg\" alt=\"\" width=\"372\" height=\"216\" srcset=\"https:\/\/cartasonorademallorca.com\/wp-content\/uploads\/2023\/10\/1658663_666583173394279_32217745_o-300x175.jpg 300w, https:\/\/cartasonorademallorca.com\/wp-content\/uploads\/2023\/10\/1658663_666583173394279_32217745_o-1024x596.jpg 1024w, https:\/\/cartasonorademallorca.com\/wp-content\/uploads\/2023\/10\/1658663_666583173394279_32217745_o-768x447.jpg 768w, https:\/\/cartasonorademallorca.com\/wp-content\/uploads\/2023\/10\/1658663_666583173394279_32217745_o-1536x894.jpg 1536w, https:\/\/cartasonorademallorca.com\/wp-content\/uploads\/2023\/10\/1658663_666583173394279_32217745_o.jpg 2048w\" sizes=\"(max-width: 372px) 100vw, 372px\" \/><figcaption id=\"caption-attachment-3957\" class=\"wp-caption-text\">Pi de Sant Antoni en el cam\u00ed de Can Bosch (ca.1940)<br \/>Font: Fotos Antigues de Pollen\u00e7a<\/figcaption><\/figure>\n<p>El pi actualment es va a cercar a la finca de Ternelles per\u00f2 abans de 1965 s&#8217;anava a cercar a altres finques: Can Pontico, Colonya, Can Bosch&#8230; En el cas de la imatge, de devers 1940, el pi era de la finca de Can Bosch.<\/p>\n<\/div>\n<p>El 1979 el programa Ra\u00edces de RTVE va dedicar part d&#8217;un programa a la festa del pi. Podem sentir una entrevista que aporta dades de la tradici\u00f3 i sentir el paisatge sonor de la devallada del pi des de Ternelles, l&#8217;arribada al poble i l&#8217;ambient a la Pla\u00e7a Vella<\/p>\n<\/div>\n<p><iframe title=\"RTVE Ra\u00edces 1979 U pi de Pollen\u00e7a\" width=\"660\" height=\"371\" src=\"https:\/\/www.youtube.com\/embed\/OIJ_hpA9Lys?feature=oembed\" frameborder=\"0\" allow=\"accelerometer; autoplay; clipboard-write; encrypted-media; gyroscope; picture-in-picture; web-share\" referrerpolicy=\"strict-origin-when-cross-origin\" allowfullscreen><\/iframe><\/p>\n<\/div>\n","protected":false},"featured_media":3958,"comment_status":"open","ping_status":"open","template":"","tags":[3063,3104,3105,3106],"listing_category":[428],"listing_location":[3107],"listing_feature":[1188,59,48,178,125],"class_list":["post-3960","listing","type-listing","status-publish","has-post-thumbnail","hentry","tag-entrevista-en","tag-pi-de-pollenca-en","tag-pi-de-sant-antoni-en","tag-pi-de-ternelles-en","custom_tags_1-miquel-aloy-a-llargo-en","custom_tags_1-xeremiers-de-sencelles-en","listing_category-video-en","listing_location-pollenca-en","listing_feature-acte-social","listing_feature-ambit-public","listing_feature-ambit-religios","listing_feature-festa","listing_feature-paisatge-sonor-antropofonia"],"acf":[],"yoast_head":"<!-- This site is optimized with the Yoast SEO plugin v27.4 - https:\/\/yoast.com\/product\/yoast-seo-wordpress\/ -->\n<title>El pi de Sant Antoni (1979) - Carta Sonora de Mallorca<\/title>\n<meta name=\"robots\" content=\"index, follow, max-snippet:-1, max-image-preview:large, max-video-preview:-1\" \/>\n<link rel=\"canonical\" href=\"https:\/\/cartasonorademallorca.com\/en\/listing\/el-pi-de-sant-antoni-1979\/\" \/>\n<meta property=\"og:locale\" content=\"en_US\" \/>\n<meta property=\"og:type\" content=\"article\" \/>\n<meta property=\"og:title\" content=\"El pi de Sant Antoni (1979) - Carta Sonora de Mallorca\" \/>\n<meta property=\"og:description\" content=\"&nbsp; El pi de Sant Antoni \u00e9s una festivitat popular realitzada a Pollen\u00e7a el dia d17 de gener. La Gran Enciclopedia Catalana en diu: Festa popular que se celebra a Pollen\u00e7a (Mallorca) el dia de sant Antoni Abat, consistent en l\u2019ascensi\u00f3 a un tronc de pi per tal d\u2019aconseguir el trofeu, un gall lligat al [&hellip;]\" \/>\n<meta property=\"og:url\" content=\"https:\/\/cartasonorademallorca.com\/en\/listing\/el-pi-de-sant-antoni-1979\/\" \/>\n<meta property=\"og:site_name\" content=\"Carta Sonora de Mallorca\" \/>\n<meta property=\"article:modified_time\" content=\"2023-10-29T21:34:21+00:00\" \/>\n<meta property=\"og:image\" content=\"https:\/\/cartasonorademallorca.com\/wp-content\/uploads\/2023\/10\/1658663_666583173394279_32217745_o.jpg\" \/>\n\t<meta property=\"og:image:width\" content=\"2048\" \/>\n\t<meta property=\"og:image:height\" content=\"1192\" \/>\n\t<meta property=\"og:image:type\" content=\"image\/jpeg\" \/>\n<meta name=\"twitter:card\" content=\"summary_large_image\" \/>\n<meta name=\"twitter:label1\" content=\"Est. reading time\" \/>\n\t<meta name=\"twitter:data1\" content=\"1 minute\" \/>\n<script type=\"application\/ld+json\" class=\"yoast-schema-graph\">{\"@context\":\"https:\\\/\\\/schema.org\",\"@graph\":[{\"@type\":\"WebPage\",\"@id\":\"https:\\\/\\\/cartasonorademallorca.com\\\/en\\\/listing\\\/el-pi-de-sant-antoni-1979\\\/\",\"url\":\"https:\\\/\\\/cartasonorademallorca.com\\\/en\\\/listing\\\/el-pi-de-sant-antoni-1979\\\/\",\"name\":\"El pi de Sant Antoni (1979) - Carta Sonora de Mallorca\",\"isPartOf\":{\"@id\":\"https:\\\/\\\/cartasonorademallorca.com\\\/en\\\/#website\"},\"primaryImageOfPage\":{\"@id\":\"https:\\\/\\\/cartasonorademallorca.com\\\/en\\\/listing\\\/el-pi-de-sant-antoni-1979\\\/#primaryimage\"},\"image\":{\"@id\":\"https:\\\/\\\/cartasonorademallorca.com\\\/en\\\/listing\\\/el-pi-de-sant-antoni-1979\\\/#primaryimage\"},\"thumbnailUrl\":\"https:\\\/\\\/cartasonorademallorca.com\\\/wp-content\\\/uploads\\\/2023\\\/10\\\/1658663_666583173394279_32217745_o.jpg\",\"datePublished\":\"2023-10-29T21:33:52+00:00\",\"dateModified\":\"2023-10-29T21:34:21+00:00\",\"breadcrumb\":{\"@id\":\"https:\\\/\\\/cartasonorademallorca.com\\\/en\\\/listing\\\/el-pi-de-sant-antoni-1979\\\/#breadcrumb\"},\"inLanguage\":\"en-US\",\"potentialAction\":[{\"@type\":\"ReadAction\",\"target\":[\"https:\\\/\\\/cartasonorademallorca.com\\\/en\\\/listing\\\/el-pi-de-sant-antoni-1979\\\/\"]}]},{\"@type\":\"ImageObject\",\"inLanguage\":\"en-US\",\"@id\":\"https:\\\/\\\/cartasonorademallorca.com\\\/en\\\/listing\\\/el-pi-de-sant-antoni-1979\\\/#primaryimage\",\"url\":\"https:\\\/\\\/cartasonorademallorca.com\\\/wp-content\\\/uploads\\\/2023\\\/10\\\/1658663_666583173394279_32217745_o.jpg\",\"contentUrl\":\"https:\\\/\\\/cartasonorademallorca.com\\\/wp-content\\\/uploads\\\/2023\\\/10\\\/1658663_666583173394279_32217745_o.jpg\",\"width\":2048,\"height\":1192,\"caption\":\"Font:\"},{\"@type\":\"BreadcrumbList\",\"@id\":\"https:\\\/\\\/cartasonorademallorca.com\\\/en\\\/listing\\\/el-pi-de-sant-antoni-1979\\\/#breadcrumb\",\"itemListElement\":[{\"@type\":\"ListItem\",\"position\":1,\"name\":\"Portada\",\"item\":\"https:\\\/\\\/cartasonorademallorca.com\\\/en\\\/\"},{\"@type\":\"ListItem\",\"position\":2,\"name\":\"Llistats\",\"item\":\"https:\\\/\\\/cartasonorademallorca.com\\\/en\\\/arxiu\\\/\"},{\"@type\":\"ListItem\",\"position\":3,\"name\":\"El pi de Sant Antoni (1979)\"}]},{\"@type\":\"WebSite\",\"@id\":\"https:\\\/\\\/cartasonorademallorca.com\\\/en\\\/#website\",\"url\":\"https:\\\/\\\/cartasonorademallorca.com\\\/en\\\/\",\"name\":\"Carta Sonora de Mallorca\",\"description\":\"\",\"potentialAction\":[{\"@type\":\"SearchAction\",\"target\":{\"@type\":\"EntryPoint\",\"urlTemplate\":\"https:\\\/\\\/cartasonorademallorca.com\\\/en\\\/?s={search_term_string}\"},\"query-input\":{\"@type\":\"PropertyValueSpecification\",\"valueRequired\":true,\"valueName\":\"search_term_string\"}}],\"inLanguage\":\"en-US\"}]}<\/script>\n<!-- \/ Yoast SEO plugin. -->","yoast_head_json":{"title":"El pi de Sant Antoni (1979) - Carta Sonora de Mallorca","robots":{"index":"index","follow":"follow","max-snippet":"max-snippet:-1","max-image-preview":"max-image-preview:large","max-video-preview":"max-video-preview:-1"},"canonical":"https:\/\/cartasonorademallorca.com\/en\/listing\/el-pi-de-sant-antoni-1979\/","og_locale":"en_US","og_type":"article","og_title":"El pi de Sant Antoni (1979) - Carta Sonora de Mallorca","og_description":"&nbsp; El pi de Sant Antoni \u00e9s una festivitat popular realitzada a Pollen\u00e7a el dia d17 de gener. La Gran Enciclopedia Catalana en diu: Festa popular que se celebra a Pollen\u00e7a (Mallorca) el dia de sant Antoni Abat, consistent en l\u2019ascensi\u00f3 a un tronc de pi per tal d\u2019aconseguir el trofeu, un gall lligat al [&hellip;]","og_url":"https:\/\/cartasonorademallorca.com\/en\/listing\/el-pi-de-sant-antoni-1979\/","og_site_name":"Carta Sonora de Mallorca","article_modified_time":"2023-10-29T21:34:21+00:00","og_image":[{"width":2048,"height":1192,"url":"https:\/\/cartasonorademallorca.com\/wp-content\/uploads\/2023\/10\/1658663_666583173394279_32217745_o.jpg","type":"image\/jpeg"}],"twitter_card":"summary_large_image","twitter_misc":{"Est. reading time":"1 minute"},"schema":{"@context":"https:\/\/schema.org","@graph":[{"@type":"WebPage","@id":"https:\/\/cartasonorademallorca.com\/en\/listing\/el-pi-de-sant-antoni-1979\/","url":"https:\/\/cartasonorademallorca.com\/en\/listing\/el-pi-de-sant-antoni-1979\/","name":"El pi de Sant Antoni (1979) - Carta Sonora de Mallorca","isPartOf":{"@id":"https:\/\/cartasonorademallorca.com\/en\/#website"},"primaryImageOfPage":{"@id":"https:\/\/cartasonorademallorca.com\/en\/listing\/el-pi-de-sant-antoni-1979\/#primaryimage"},"image":{"@id":"https:\/\/cartasonorademallorca.com\/en\/listing\/el-pi-de-sant-antoni-1979\/#primaryimage"},"thumbnailUrl":"https:\/\/cartasonorademallorca.com\/wp-content\/uploads\/2023\/10\/1658663_666583173394279_32217745_o.jpg","datePublished":"2023-10-29T21:33:52+00:00","dateModified":"2023-10-29T21:34:21+00:00","breadcrumb":{"@id":"https:\/\/cartasonorademallorca.com\/en\/listing\/el-pi-de-sant-antoni-1979\/#breadcrumb"},"inLanguage":"en-US","potentialAction":[{"@type":"ReadAction","target":["https:\/\/cartasonorademallorca.com\/en\/listing\/el-pi-de-sant-antoni-1979\/"]}]},{"@type":"ImageObject","inLanguage":"en-US","@id":"https:\/\/cartasonorademallorca.com\/en\/listing\/el-pi-de-sant-antoni-1979\/#primaryimage","url":"https:\/\/cartasonorademallorca.com\/wp-content\/uploads\/2023\/10\/1658663_666583173394279_32217745_o.jpg","contentUrl":"https:\/\/cartasonorademallorca.com\/wp-content\/uploads\/2023\/10\/1658663_666583173394279_32217745_o.jpg","width":2048,"height":1192,"caption":"Font:"},{"@type":"BreadcrumbList","@id":"https:\/\/cartasonorademallorca.com\/en\/listing\/el-pi-de-sant-antoni-1979\/#breadcrumb","itemListElement":[{"@type":"ListItem","position":1,"name":"Portada","item":"https:\/\/cartasonorademallorca.com\/en\/"},{"@type":"ListItem","position":2,"name":"Llistats","item":"https:\/\/cartasonorademallorca.com\/en\/arxiu\/"},{"@type":"ListItem","position":3,"name":"El pi de Sant Antoni (1979)"}]},{"@type":"WebSite","@id":"https:\/\/cartasonorademallorca.com\/en\/#website","url":"https:\/\/cartasonorademallorca.com\/en\/","name":"Carta Sonora de Mallorca","description":"","potentialAction":[{"@type":"SearchAction","target":{"@type":"EntryPoint","urlTemplate":"https:\/\/cartasonorademallorca.com\/en\/?s={search_term_string}"},"query-input":{"@type":"PropertyValueSpecification","valueRequired":true,"valueName":"search_term_string"}}],"inLanguage":"en-US"}]}},"_links":{"self":[{"href":"https:\/\/cartasonorademallorca.com\/en\/wp-json\/wp\/v2\/listing\/3960","targetHints":{"allow":["GET"]}}],"collection":[{"href":"https:\/\/cartasonorademallorca.com\/en\/wp-json\/wp\/v2\/listing"}],"about":[{"href":"https:\/\/cartasonorademallorca.com\/en\/wp-json\/wp\/v2\/types\/listing"}],"replies":[{"embeddable":true,"href":"https:\/\/cartasonorademallorca.com\/en\/wp-json\/wp\/v2\/comments?post=3960"}],"wp:featuredmedia":[{"embeddable":true,"href":"https:\/\/cartasonorademallorca.com\/en\/wp-json\/wp\/v2\/media\/3958"}],"wp:attachment":[{"href":"https:\/\/cartasonorademallorca.com\/en\/wp-json\/wp\/v2\/media?parent=3960"}],"wp:term":[{"taxonomy":"post_tag","embeddable":true,"href":"https:\/\/cartasonorademallorca.com\/en\/wp-json\/wp\/v2\/tags?post=3960"},{"taxonomy":"listing_category","embeddable":true,"href":"https:\/\/cartasonorademallorca.com\/en\/wp-json\/wp\/v2\/listing_category?post=3960"},{"taxonomy":"listing_location","embeddable":true,"href":"https:\/\/cartasonorademallorca.com\/en\/wp-json\/wp\/v2\/listing_location?post=3960"},{"taxonomy":"listing_feature","embeddable":true,"href":"https:\/\/cartasonorademallorca.com\/en\/wp-json\/wp\/v2\/listing_feature?post=3960"}],"curies":[{"name":"wp","href":"https:\/\/api.w.org\/{rel}","templated":true}]}}