{"id":3025,"date":"2023-03-21T07:51:07","date_gmt":"2023-03-21T07:51:07","guid":{"rendered":"https:\/\/cartasonorademallorca.com\/?post_type=listing&#038;p=3025"},"modified":"2023-03-21T08:17:09","modified_gmt":"2023-03-21T08:17:09","slug":"anunci-de-lestrena-de-la-suite-mallorca-de-samper-a-palma","status":"publish","type":"listing","link":"https:\/\/cartasonorademallorca.com\/es\/listing\/anunci-de-lestrena-de-la-suite-mallorca-de-samper-a-palma\/","title":{"rendered":"Anunci de l&#8217;estrena de la Suite Mallorca de Samper a Palma"},"content":{"rendered":"<p>El dia 16 de maig de 1931 tingu\u00e9 lloc l&#8217;estrena de la Suite Mallorca de Baltasar Samper al Teatre del Born, en la ciutat de Palma. Va ser l&#8217;Orquestra Pau Casals la que, en el marc de la primera edici\u00f3 del Festival Chopin, s&#8217;encarreg\u00e0 de dur a terme la tasca, interpretant-la entre altres obres simf\u00f2niques. El diari <em>La Almudaina<\/em>, entre d&#8217;altres, publicitaren el concert en les seves p\u00e0gines en el mateix dia i els dies previs a l&#8217;esdeveniment. En aquesta entrada s&#8217;anuncia tamb\u00e9 el concert del dia posterior a la Pla\u00e7a de Bous de programa similar en un \u00e0mbit m\u00e9s popular.<\/p>\n<p><img decoding=\"async\" class=\"wp-image-3007 aligncenter\" src=\"https:\/\/cartasonorademallorca.com\/wp-content\/uploads\/2023\/03\/orquestra-pau-casals-cartell-300x118.png\" alt=\"Captura de la p\u00e0gina escanejada del diari La Almudaina amb text. &quot;Sala Born. S\u00e1bado 16 mayo a las 10 menos cuarto. Grandioso Festival Chopin. Concierto Sinf\u00f3nico de m\u00fasica espa\u00f1ola y polonesa a cargo de la Orquesta Pau Casals integrada por 90 profesores; dirigida por Pau Casals, Lamote de Grignon, Alexandre Tansman, Baltasar Samper y Ernesto Halffter. Obras de Beethoven, Chopin, Samper, Halffter, Chopin-Lamote y Liszt. En las taquillas del Born se despachan localidades y t\u00edtulos de adhesi\u00f3n, de 11 a 1 ma\u00e1na y de 5 a 8 tarde. Ma\u00f1ana a las 5:30: concierto popular en la Plaza de Toros&quot;.\" width=\"300\" height=\"118\" srcset=\"https:\/\/cartasonorademallorca.com\/wp-content\/uploads\/2023\/03\/orquestra-pau-casals-cartell-300x118.png 300w, https:\/\/cartasonorademallorca.com\/wp-content\/uploads\/2023\/03\/orquestra-pau-casals-cartell-1024x401.png 1024w, https:\/\/cartasonorademallorca.com\/wp-content\/uploads\/2023\/03\/orquestra-pau-casals-cartell-768x301.png 768w, https:\/\/cartasonorademallorca.com\/wp-content\/uploads\/2023\/03\/orquestra-pau-casals-cartell.png 1186w\" sizes=\"(max-width: 300px) 100vw, 300px\" \/><\/p>\n","protected":false},"featured_media":3009,"comment_status":"open","ping_status":"open","template":"","tags":[1323,1324,1325,1326,1327,1328,1329,1301,1330,1331,1302,1332,1333],"listing_category":[444],"listing_location":[446,487],"listing_feature":[1273,157,1272],"class_list":["post-3025","listing","type-listing","status-publish","has-post-thumbnail","hentry","tag-alexandre-tansman-es","tag-baltasar-samper-es","tag-concert-simfonic-es","tag-diari-la-almudaina-es","tag-ernesto-halffter-es","tag-festival-chopin-es","tag-hemeroteca-es","tag-inauguracio-es","tag-orquestra-pau-casals-es","tag-pau-casals-es","tag-premsa-es","tag-sala-born-es","tag-suite-mallorca-es","custom_tags_1-alexandre-tansman-es","custom_tags_1-baltasar-samper-es","custom_tags_1-diari-la-almudaina-es","custom_tags_1-ernesto-halffter-es","custom_tags_1-orquestra-pau-casals-es","custom_tags_1-pau-casals-es","listing_category-imatge-es","listing_location-palma-es","listing_location-passeig-del-born-es","listing_feature-concert","listing_feature-documentacio-musics","listing_feature-publicitat"],"acf":[],"yoast_head":"<!-- This site is optimized with the Yoast SEO plugin v27.4 - https:\/\/yoast.com\/product\/yoast-seo-wordpress\/ -->\n<title>Anunci de l&#039;estrena de la Suite Mallorca de Samper a Palma - Carta Sonora de Mallorca<\/title>\n<meta name=\"robots\" content=\"index, follow, max-snippet:-1, max-image-preview:large, max-video-preview:-1\" \/>\n<link rel=\"canonical\" href=\"https:\/\/cartasonorademallorca.com\/es\/listing\/anunci-de-lestrena-de-la-suite-mallorca-de-samper-a-palma\/\" \/>\n<meta property=\"og:locale\" content=\"es_ES\" \/>\n<meta property=\"og:type\" content=\"article\" \/>\n<meta property=\"og:title\" content=\"Anunci de l&#039;estrena de la Suite Mallorca de Samper a Palma - Carta Sonora de Mallorca\" \/>\n<meta property=\"og:description\" content=\"El dia 16 de maig de 1931 tingu\u00e9 lloc l&#8217;estrena de la Suite Mallorca de Baltasar Samper al Teatre del Born, en la ciutat de Palma. Va ser l&#8217;Orquestra Pau Casals la que, en el marc de la primera edici\u00f3 del Festival Chopin, s&#8217;encarreg\u00e0 de dur a terme la tasca, interpretant-la entre altres obres simf\u00f2niques. [&hellip;]\" \/>\n<meta property=\"og:url\" content=\"https:\/\/cartasonorademallorca.com\/es\/listing\/anunci-de-lestrena-de-la-suite-mallorca-de-samper-a-palma\/\" \/>\n<meta property=\"og:site_name\" content=\"Carta Sonora de Mallorca\" \/>\n<meta property=\"article:modified_time\" content=\"2023-03-21T08:17:09+00:00\" \/>\n<meta property=\"og:image\" content=\"https:\/\/cartasonorademallorca.com\/wp-content\/uploads\/2023\/03\/orquestra-pau-casals-cartell.png\" \/>\n\t<meta property=\"og:image:width\" content=\"1186\" \/>\n\t<meta property=\"og:image:height\" content=\"465\" \/>\n\t<meta property=\"og:image:type\" content=\"image\/png\" \/>\n<meta name=\"twitter:card\" content=\"summary_large_image\" \/>\n<meta name=\"twitter:label1\" content=\"Est. reading time\" \/>\n\t<meta name=\"twitter:data1\" content=\"1 minute\" \/>\n<script type=\"application\/ld+json\" class=\"yoast-schema-graph\">{\"@context\":\"https:\\\/\\\/schema.org\",\"@graph\":[{\"@type\":\"WebPage\",\"@id\":\"https:\\\/\\\/cartasonorademallorca.com\\\/es\\\/listing\\\/anunci-de-lestrena-de-la-suite-mallorca-de-samper-a-palma\\\/\",\"url\":\"https:\\\/\\\/cartasonorademallorca.com\\\/es\\\/listing\\\/anunci-de-lestrena-de-la-suite-mallorca-de-samper-a-palma\\\/\",\"name\":\"Anunci de l'estrena de la Suite Mallorca de Samper a Palma - Carta Sonora de Mallorca\",\"isPartOf\":{\"@id\":\"https:\\\/\\\/cartasonorademallorca.com\\\/es\\\/#website\"},\"primaryImageOfPage\":{\"@id\":\"https:\\\/\\\/cartasonorademallorca.com\\\/es\\\/listing\\\/anunci-de-lestrena-de-la-suite-mallorca-de-samper-a-palma\\\/#primaryimage\"},\"image\":{\"@id\":\"https:\\\/\\\/cartasonorademallorca.com\\\/es\\\/listing\\\/anunci-de-lestrena-de-la-suite-mallorca-de-samper-a-palma\\\/#primaryimage\"},\"thumbnailUrl\":\"https:\\\/\\\/cartasonorademallorca.com\\\/wp-content\\\/uploads\\\/2023\\\/03\\\/orquestra-pau-casals-cartell.png\",\"datePublished\":\"2023-03-21T07:51:07+00:00\",\"dateModified\":\"2023-03-21T08:17:09+00:00\",\"breadcrumb\":{\"@id\":\"https:\\\/\\\/cartasonorademallorca.com\\\/es\\\/listing\\\/anunci-de-lestrena-de-la-suite-mallorca-de-samper-a-palma\\\/#breadcrumb\"},\"inLanguage\":\"es-ES\",\"potentialAction\":[{\"@type\":\"ReadAction\",\"target\":[\"https:\\\/\\\/cartasonorademallorca.com\\\/es\\\/listing\\\/anunci-de-lestrena-de-la-suite-mallorca-de-samper-a-palma\\\/\"]}]},{\"@type\":\"ImageObject\",\"inLanguage\":\"es-ES\",\"@id\":\"https:\\\/\\\/cartasonorademallorca.com\\\/es\\\/listing\\\/anunci-de-lestrena-de-la-suite-mallorca-de-samper-a-palma\\\/#primaryimage\",\"url\":\"https:\\\/\\\/cartasonorademallorca.com\\\/wp-content\\\/uploads\\\/2023\\\/03\\\/orquestra-pau-casals-cartell.png\",\"contentUrl\":\"https:\\\/\\\/cartasonorademallorca.com\\\/wp-content\\\/uploads\\\/2023\\\/03\\\/orquestra-pau-casals-cartell.png\",\"width\":1186,\"height\":465,\"caption\":\"Captura de la p\u00e0gina escanejada del diari La Almudaina amb text. \\\"Sala Born. S\u00e1bado 16 mayo a las 10 menos cuarto. Grandioso Festival Chopin. Concierto Sinf\u00f3nico de m\u00fasica espa\u00f1ola y polonesa a cargo de la Orquesta Pau Casals integrada por 90 profesores; dirigida por Pau Casals, Lamote de Grignon, Alexandre Tansman, Baltasar Samper y Ernesto Halffter. Obras de Beethoven, Chopin, Samper, Halffter, Chopin-Lamote y Liszt. En las taquillas del Born se despachan localidades y t\u00edtulos de adhesi\u00f3n, de 11 a 1 ma\u00e1na y de 5 a 8 tarde. Ma\u00f1ana a las 5:30: concierto popular en la Plaza de Toros\\\".\"},{\"@type\":\"BreadcrumbList\",\"@id\":\"https:\\\/\\\/cartasonorademallorca.com\\\/es\\\/listing\\\/anunci-de-lestrena-de-la-suite-mallorca-de-samper-a-palma\\\/#breadcrumb\",\"itemListElement\":[{\"@type\":\"ListItem\",\"position\":1,\"name\":\"Portada\",\"item\":\"https:\\\/\\\/cartasonorademallorca.com\\\/es\\\/\"},{\"@type\":\"ListItem\",\"position\":2,\"name\":\"Llistats\",\"item\":\"https:\\\/\\\/cartasonorademallorca.com\\\/es\\\/arxiu\\\/\"},{\"@type\":\"ListItem\",\"position\":3,\"name\":\"Anunci de l&#8217;estrena de la Suite Mallorca de Samper a Palma\"}]},{\"@type\":\"WebSite\",\"@id\":\"https:\\\/\\\/cartasonorademallorca.com\\\/es\\\/#website\",\"url\":\"https:\\\/\\\/cartasonorademallorca.com\\\/es\\\/\",\"name\":\"Carta Sonora de Mallorca\",\"description\":\"\",\"potentialAction\":[{\"@type\":\"SearchAction\",\"target\":{\"@type\":\"EntryPoint\",\"urlTemplate\":\"https:\\\/\\\/cartasonorademallorca.com\\\/es\\\/?s={search_term_string}\"},\"query-input\":{\"@type\":\"PropertyValueSpecification\",\"valueRequired\":true,\"valueName\":\"search_term_string\"}}],\"inLanguage\":\"es-ES\"}]}<\/script>\n<!-- \/ Yoast SEO plugin. -->","yoast_head_json":{"title":"Anunci de l'estrena de la Suite Mallorca de Samper a Palma - Carta Sonora de Mallorca","robots":{"index":"index","follow":"follow","max-snippet":"max-snippet:-1","max-image-preview":"max-image-preview:large","max-video-preview":"max-video-preview:-1"},"canonical":"https:\/\/cartasonorademallorca.com\/es\/listing\/anunci-de-lestrena-de-la-suite-mallorca-de-samper-a-palma\/","og_locale":"es_ES","og_type":"article","og_title":"Anunci de l'estrena de la Suite Mallorca de Samper a Palma - Carta Sonora de Mallorca","og_description":"El dia 16 de maig de 1931 tingu\u00e9 lloc l&#8217;estrena de la Suite Mallorca de Baltasar Samper al Teatre del Born, en la ciutat de Palma. Va ser l&#8217;Orquestra Pau Casals la que, en el marc de la primera edici\u00f3 del Festival Chopin, s&#8217;encarreg\u00e0 de dur a terme la tasca, interpretant-la entre altres obres simf\u00f2niques. [&hellip;]","og_url":"https:\/\/cartasonorademallorca.com\/es\/listing\/anunci-de-lestrena-de-la-suite-mallorca-de-samper-a-palma\/","og_site_name":"Carta Sonora de Mallorca","article_modified_time":"2023-03-21T08:17:09+00:00","og_image":[{"width":1186,"height":465,"url":"https:\/\/cartasonorademallorca.com\/wp-content\/uploads\/2023\/03\/orquestra-pau-casals-cartell.png","type":"image\/png"}],"twitter_card":"summary_large_image","twitter_misc":{"Est. reading time":"1 minute"},"schema":{"@context":"https:\/\/schema.org","@graph":[{"@type":"WebPage","@id":"https:\/\/cartasonorademallorca.com\/es\/listing\/anunci-de-lestrena-de-la-suite-mallorca-de-samper-a-palma\/","url":"https:\/\/cartasonorademallorca.com\/es\/listing\/anunci-de-lestrena-de-la-suite-mallorca-de-samper-a-palma\/","name":"Anunci de l'estrena de la Suite Mallorca de Samper a Palma - Carta Sonora de Mallorca","isPartOf":{"@id":"https:\/\/cartasonorademallorca.com\/es\/#website"},"primaryImageOfPage":{"@id":"https:\/\/cartasonorademallorca.com\/es\/listing\/anunci-de-lestrena-de-la-suite-mallorca-de-samper-a-palma\/#primaryimage"},"image":{"@id":"https:\/\/cartasonorademallorca.com\/es\/listing\/anunci-de-lestrena-de-la-suite-mallorca-de-samper-a-palma\/#primaryimage"},"thumbnailUrl":"https:\/\/cartasonorademallorca.com\/wp-content\/uploads\/2023\/03\/orquestra-pau-casals-cartell.png","datePublished":"2023-03-21T07:51:07+00:00","dateModified":"2023-03-21T08:17:09+00:00","breadcrumb":{"@id":"https:\/\/cartasonorademallorca.com\/es\/listing\/anunci-de-lestrena-de-la-suite-mallorca-de-samper-a-palma\/#breadcrumb"},"inLanguage":"es-ES","potentialAction":[{"@type":"ReadAction","target":["https:\/\/cartasonorademallorca.com\/es\/listing\/anunci-de-lestrena-de-la-suite-mallorca-de-samper-a-palma\/"]}]},{"@type":"ImageObject","inLanguage":"es-ES","@id":"https:\/\/cartasonorademallorca.com\/es\/listing\/anunci-de-lestrena-de-la-suite-mallorca-de-samper-a-palma\/#primaryimage","url":"https:\/\/cartasonorademallorca.com\/wp-content\/uploads\/2023\/03\/orquestra-pau-casals-cartell.png","contentUrl":"https:\/\/cartasonorademallorca.com\/wp-content\/uploads\/2023\/03\/orquestra-pau-casals-cartell.png","width":1186,"height":465,"caption":"Captura de la p\u00e0gina escanejada del diari La Almudaina amb text. \"Sala Born. S\u00e1bado 16 mayo a las 10 menos cuarto. Grandioso Festival Chopin. Concierto Sinf\u00f3nico de m\u00fasica espa\u00f1ola y polonesa a cargo de la Orquesta Pau Casals integrada por 90 profesores; dirigida por Pau Casals, Lamote de Grignon, Alexandre Tansman, Baltasar Samper y Ernesto Halffter. Obras de Beethoven, Chopin, Samper, Halffter, Chopin-Lamote y Liszt. En las taquillas del Born se despachan localidades y t\u00edtulos de adhesi\u00f3n, de 11 a 1 ma\u00e1na y de 5 a 8 tarde. Ma\u00f1ana a las 5:30: concierto popular en la Plaza de Toros\"."},{"@type":"BreadcrumbList","@id":"https:\/\/cartasonorademallorca.com\/es\/listing\/anunci-de-lestrena-de-la-suite-mallorca-de-samper-a-palma\/#breadcrumb","itemListElement":[{"@type":"ListItem","position":1,"name":"Portada","item":"https:\/\/cartasonorademallorca.com\/es\/"},{"@type":"ListItem","position":2,"name":"Llistats","item":"https:\/\/cartasonorademallorca.com\/es\/arxiu\/"},{"@type":"ListItem","position":3,"name":"Anunci de l&#8217;estrena de la Suite Mallorca de Samper a Palma"}]},{"@type":"WebSite","@id":"https:\/\/cartasonorademallorca.com\/es\/#website","url":"https:\/\/cartasonorademallorca.com\/es\/","name":"Carta Sonora de Mallorca","description":"","potentialAction":[{"@type":"SearchAction","target":{"@type":"EntryPoint","urlTemplate":"https:\/\/cartasonorademallorca.com\/es\/?s={search_term_string}"},"query-input":{"@type":"PropertyValueSpecification","valueRequired":true,"valueName":"search_term_string"}}],"inLanguage":"es-ES"}]}},"_links":{"self":[{"href":"https:\/\/cartasonorademallorca.com\/es\/wp-json\/wp\/v2\/listing\/3025","targetHints":{"allow":["GET"]}}],"collection":[{"href":"https:\/\/cartasonorademallorca.com\/es\/wp-json\/wp\/v2\/listing"}],"about":[{"href":"https:\/\/cartasonorademallorca.com\/es\/wp-json\/wp\/v2\/types\/listing"}],"replies":[{"embeddable":true,"href":"https:\/\/cartasonorademallorca.com\/es\/wp-json\/wp\/v2\/comments?post=3025"}],"wp:featuredmedia":[{"embeddable":true,"href":"https:\/\/cartasonorademallorca.com\/es\/wp-json\/wp\/v2\/media\/3009"}],"wp:attachment":[{"href":"https:\/\/cartasonorademallorca.com\/es\/wp-json\/wp\/v2\/media?parent=3025"}],"wp:term":[{"taxonomy":"post_tag","embeddable":true,"href":"https:\/\/cartasonorademallorca.com\/es\/wp-json\/wp\/v2\/tags?post=3025"},{"taxonomy":"listing_category","embeddable":true,"href":"https:\/\/cartasonorademallorca.com\/es\/wp-json\/wp\/v2\/listing_category?post=3025"},{"taxonomy":"listing_location","embeddable":true,"href":"https:\/\/cartasonorademallorca.com\/es\/wp-json\/wp\/v2\/listing_location?post=3025"},{"taxonomy":"listing_feature","embeddable":true,"href":"https:\/\/cartasonorademallorca.com\/es\/wp-json\/wp\/v2\/listing_feature?post=3025"}],"curies":[{"name":"wp","href":"https:\/\/api.w.org\/{rel}","templated":true}]}}