{"id":3228,"date":"2023-04-13T22:05:24","date_gmt":"2023-04-13T22:05:24","guid":{"rendered":"https:\/\/cartasonorademallorca.com\/?post_type=listing&#038;p=3228"},"modified":"2023-08-14T09:27:00","modified_gmt":"2023-08-14T09:27:00","slug":"el-teatre-liric","status":"publish","type":"listing","link":"https:\/\/cartasonorademallorca.com\/es\/listing\/el-teatre-liric\/","title":{"rendered":"El Teatre L\u00edric"},"content":{"rendered":"<p>El <em>Teatre L\u00edric<\/em> va ocupar el mateix solar que l&#8217;antic <em>Teatro Circo Balear<\/em>, on es realitzaven interpretacions teatrals i de circ i que s&#8217;havia inaugurat el 1875. L&#8217;any 1900, aquest, s&#8217;havia derru\u00eft i s&#8217;hi constru\u00ed el L\u00edric que va ser el teatre de refer\u00e8ncia a Mallorca pel que fa a les actuacions dram\u00e0tiques i l\u00edriques en els inicis del s. XX.<\/p>\n<figure id=\"attachment_3230\" aria-describedby=\"caption-attachment-3230\" style=\"width: 518px\" class=\"wp-caption aligncenter\"><img fetchpriority=\"high\" decoding=\"async\" class=\"wp-image-3230 size-full\" src=\"https:\/\/cartasonorademallorca.com\/wp-content\/uploads\/2023\/04\/2-2.jpg\" alt=\"\" width=\"518\" height=\"750\" srcset=\"https:\/\/cartasonorademallorca.com\/wp-content\/uploads\/2023\/04\/2-2.jpg 518w, https:\/\/cartasonorademallorca.com\/wp-content\/uploads\/2023\/04\/2-2-207x300.jpg 207w\" sizes=\"(max-width: 518px) 100vw, 518px\" \/><figcaption id=\"caption-attachment-3230\" class=\"wp-caption-text\">Fa\u00e7anes del Teatre L\u00edric i Hotel Alhambra. Fotografia: Jos\u00e9 Tous<\/figcaption><\/figure>\n<p>El L\u00edric va ser dissenyat per Gaspar Benn\u00e0sser i Jaume Aleny\u00e0. Els seus interiors foren dissenyats per Pedro Caffaro (1866-1959, pintor), \u00a0Miguel Sarmiento (1876-1926, novelista), Ferran Estada \u00a0i Pere Lloren\u00e7 (decoradors). El promotor del teatre va ser Josep Tous Ferrer (Palma, 18591950).<\/p>\n<figure id=\"attachment_3224\" aria-describedby=\"caption-attachment-3224\" style=\"width: 1000px\" class=\"wp-caption aligncenter\"><img decoding=\"async\" class=\"wp-image-3224 size-full\" src=\"https:\/\/cartasonorademallorca.com\/wp-content\/uploads\/2023\/04\/sala.jpg\" alt=\"\" width=\"1000\" height=\"700\" srcset=\"https:\/\/cartasonorademallorca.com\/wp-content\/uploads\/2023\/04\/sala.jpg 1000w, https:\/\/cartasonorademallorca.com\/wp-content\/uploads\/2023\/04\/sala-300x210.jpg 300w, https:\/\/cartasonorademallorca.com\/wp-content\/uploads\/2023\/04\/sala-768x538.jpg 768w\" sizes=\"(max-width: 1000px) 100vw, 1000px\" \/><figcaption id=\"caption-attachment-3224\" class=\"wp-caption-text\">Platea, palcs i graderia del Teatre L\u00edric<\/figcaption><\/figure>\n<p style=\"text-align: center;\">Platea, palcs i graderia del Teatre L\u00edric<\/p>\n<p>El L\u00edric es va inaugurar l&#8217;1 de febrer de 1902\u00a0i s&#8217;hi va interpretar regularment tant teatre com \u00f2pera i sarsuela i, a m\u00e9s, a partir de 1910 cinema. La primera interpretaci\u00f3 que s&#8217;hi va dur a terme va ser amb una interpretaci\u00f3 de<em> La Boh\u00e9me<\/em> de Puccini, sota la direcci\u00f3 del mestre Joan Goula i Soley i direcci\u00f3 esc\u00e8nica del Sr. Gasparini, amb una plantilla de cinquanta m\u00fasics i quaranta cantaires del teatre del Liceu de Barcelona.<\/p>\n<div>El Teatre L\u00edric va ser derru\u00eft el 1967 i en el seu solar s&#8217;hi va construir l&#8217;actual espai de <em>L&#8217;hort del rei<\/em>.<\/div>\n<div><\/div>\n<div>\n<figure id=\"attachment_3215\" aria-describedby=\"caption-attachment-3215\" style=\"width: 1589px\" class=\"wp-caption aligncenter\"><img decoding=\"async\" class=\"wp-image-3215 size-full\" src=\"https:\/\/cartasonorademallorca.com\/wp-content\/uploads\/2023\/04\/CIMG1881.jpg\" alt=\"\" width=\"1589\" height=\"1600\" srcset=\"https:\/\/cartasonorademallorca.com\/wp-content\/uploads\/2023\/04\/CIMG1881.jpg 1589w, https:\/\/cartasonorademallorca.com\/wp-content\/uploads\/2023\/04\/CIMG1881-298x300.jpg 298w, https:\/\/cartasonorademallorca.com\/wp-content\/uploads\/2023\/04\/CIMG1881-1017x1024.jpg 1017w, https:\/\/cartasonorademallorca.com\/wp-content\/uploads\/2023\/04\/CIMG1881-150x150.jpg 150w, https:\/\/cartasonorademallorca.com\/wp-content\/uploads\/2023\/04\/CIMG1881-768x773.jpg 768w, https:\/\/cartasonorademallorca.com\/wp-content\/uploads\/2023\/04\/CIMG1881-1525x1536.jpg 1525w\" sizes=\"(max-width: 1589px) 100vw, 1589px\" \/><figcaption id=\"caption-attachment-3215\" class=\"wp-caption-text\">Fotografia a\u00e8ria del solar de S&#8217;hort del rei despr\u00e9s d&#8217;esbucar-se el L\u00edric l&#8217;any 1967. Fotografia: Josep Planas<\/figcaption><\/figure>\n<\/div>\n<p>&nbsp;<\/p>\n<p>&nbsp;<\/p>\n","protected":false},"featured_media":3226,"comment_status":"open","ping_status":"open","template":"","tags":[1481,1482,1483,1484,764,1485,1486],"listing_category":[444],"listing_location":[446],"listing_feature":[1188,28,59,1273,157],"class_list":["post-3228","listing","type-listing","status-publish","has-post-thumbnail","hentry","tag-la-boheme-es","tag-opera-es","tag-short-del-rei-es","tag-sarsuela-es","tag-teatre-es","tag-teatre-liric-es","tag-teatro-circo-balear-es","custom_tags_1-decorador-es","custom_tags_1-ferran-estada-es","custom_tags_1-gaspar-bennasser-es","custom_tags_1-gasparini-es","custom_tags_1-jaume-alenya-es","custom_tags_1-joan-goula-i-soley-es","custom_tags_1-josep-tous-ferrer-es","custom_tags_1-miguel-sarmiento-es","custom_tags_1-novelista-es","custom_tags_1-pedro-caffaro-es","custom_tags_1-pere-llorenc-es","custom_tags_1-pintor-es","custom_tags_1-puccini-es","listing_category-imatge-es","listing_location-palma-es","listing_feature-acte-social","listing_feature-ambit-profa","listing_feature-ambit-public","listing_feature-concert","listing_feature-documentacio-musics"],"acf":[],"yoast_head":"<!-- This site is optimized with the Yoast SEO plugin v27.4 - https:\/\/yoast.com\/product\/yoast-seo-wordpress\/ -->\n<title>El Teatre L\u00edric - Carta Sonora de Mallorca<\/title>\n<meta name=\"robots\" content=\"index, follow, max-snippet:-1, max-image-preview:large, max-video-preview:-1\" \/>\n<link rel=\"canonical\" href=\"https:\/\/cartasonorademallorca.com\/es\/listing\/el-teatre-liric\/\" \/>\n<meta property=\"og:locale\" content=\"es_ES\" \/>\n<meta property=\"og:type\" content=\"article\" \/>\n<meta property=\"og:title\" content=\"El Teatre L\u00edric - Carta Sonora de Mallorca\" \/>\n<meta property=\"og:description\" content=\"El Teatre L\u00edric va ocupar el mateix solar que l&#8217;antic Teatro Circo Balear, on es realitzaven interpretacions teatrals i de circ i que s&#8217;havia inaugurat el 1875. L&#8217;any 1900, aquest, s&#8217;havia derru\u00eft i s&#8217;hi constru\u00ed el L\u00edric que va ser el teatre de refer\u00e8ncia a Mallorca pel que fa a les actuacions dram\u00e0tiques i l\u00edriques [&hellip;]\" \/>\n<meta property=\"og:url\" content=\"https:\/\/cartasonorademallorca.com\/es\/listing\/el-teatre-liric\/\" \/>\n<meta property=\"og:site_name\" content=\"Carta Sonora de Mallorca\" \/>\n<meta property=\"article:modified_time\" content=\"2023-08-14T09:27:00+00:00\" \/>\n<meta property=\"og:image\" content=\"https:\/\/cartasonorademallorca.com\/wp-content\/uploads\/2023\/04\/sala.jpg\" \/>\n\t<meta property=\"og:image:width\" content=\"1000\" \/>\n\t<meta property=\"og:image:height\" content=\"700\" \/>\n\t<meta property=\"og:image:type\" content=\"image\/jpeg\" \/>\n<meta name=\"twitter:card\" content=\"summary_large_image\" \/>\n<meta name=\"twitter:label1\" content=\"Est. reading time\" \/>\n\t<meta name=\"twitter:data1\" content=\"2 minutes\" \/>\n<script type=\"application\/ld+json\" class=\"yoast-schema-graph\">{\"@context\":\"https:\\\/\\\/schema.org\",\"@graph\":[{\"@type\":\"WebPage\",\"@id\":\"https:\\\/\\\/cartasonorademallorca.com\\\/es\\\/listing\\\/el-teatre-liric\\\/\",\"url\":\"https:\\\/\\\/cartasonorademallorca.com\\\/es\\\/listing\\\/el-teatre-liric\\\/\",\"name\":\"El Teatre L\u00edric - Carta Sonora de Mallorca\",\"isPartOf\":{\"@id\":\"https:\\\/\\\/cartasonorademallorca.com\\\/es\\\/#website\"},\"primaryImageOfPage\":{\"@id\":\"https:\\\/\\\/cartasonorademallorca.com\\\/es\\\/listing\\\/el-teatre-liric\\\/#primaryimage\"},\"image\":{\"@id\":\"https:\\\/\\\/cartasonorademallorca.com\\\/es\\\/listing\\\/el-teatre-liric\\\/#primaryimage\"},\"thumbnailUrl\":\"https:\\\/\\\/cartasonorademallorca.com\\\/wp-content\\\/uploads\\\/2023\\\/04\\\/sala.jpg\",\"datePublished\":\"2023-04-13T22:05:24+00:00\",\"dateModified\":\"2023-08-14T09:27:00+00:00\",\"breadcrumb\":{\"@id\":\"https:\\\/\\\/cartasonorademallorca.com\\\/es\\\/listing\\\/el-teatre-liric\\\/#breadcrumb\"},\"inLanguage\":\"es-ES\",\"potentialAction\":[{\"@type\":\"ReadAction\",\"target\":[\"https:\\\/\\\/cartasonorademallorca.com\\\/es\\\/listing\\\/el-teatre-liric\\\/\"]}]},{\"@type\":\"ImageObject\",\"inLanguage\":\"es-ES\",\"@id\":\"https:\\\/\\\/cartasonorademallorca.com\\\/es\\\/listing\\\/el-teatre-liric\\\/#primaryimage\",\"url\":\"https:\\\/\\\/cartasonorademallorca.com\\\/wp-content\\\/uploads\\\/2023\\\/04\\\/sala.jpg\",\"contentUrl\":\"https:\\\/\\\/cartasonorademallorca.com\\\/wp-content\\\/uploads\\\/2023\\\/04\\\/sala.jpg\",\"width\":1000,\"height\":700},{\"@type\":\"BreadcrumbList\",\"@id\":\"https:\\\/\\\/cartasonorademallorca.com\\\/es\\\/listing\\\/el-teatre-liric\\\/#breadcrumb\",\"itemListElement\":[{\"@type\":\"ListItem\",\"position\":1,\"name\":\"Portada\",\"item\":\"https:\\\/\\\/cartasonorademallorca.com\\\/es\\\/\"},{\"@type\":\"ListItem\",\"position\":2,\"name\":\"Llistats\",\"item\":\"https:\\\/\\\/cartasonorademallorca.com\\\/es\\\/arxiu\\\/\"},{\"@type\":\"ListItem\",\"position\":3,\"name\":\"El Teatre L\u00edric\"}]},{\"@type\":\"WebSite\",\"@id\":\"https:\\\/\\\/cartasonorademallorca.com\\\/es\\\/#website\",\"url\":\"https:\\\/\\\/cartasonorademallorca.com\\\/es\\\/\",\"name\":\"Carta Sonora de Mallorca\",\"description\":\"\",\"potentialAction\":[{\"@type\":\"SearchAction\",\"target\":{\"@type\":\"EntryPoint\",\"urlTemplate\":\"https:\\\/\\\/cartasonorademallorca.com\\\/es\\\/?s={search_term_string}\"},\"query-input\":{\"@type\":\"PropertyValueSpecification\",\"valueRequired\":true,\"valueName\":\"search_term_string\"}}],\"inLanguage\":\"es-ES\"}]}<\/script>\n<!-- \/ Yoast SEO plugin. -->","yoast_head_json":{"title":"El Teatre L\u00edric - Carta Sonora de Mallorca","robots":{"index":"index","follow":"follow","max-snippet":"max-snippet:-1","max-image-preview":"max-image-preview:large","max-video-preview":"max-video-preview:-1"},"canonical":"https:\/\/cartasonorademallorca.com\/es\/listing\/el-teatre-liric\/","og_locale":"es_ES","og_type":"article","og_title":"El Teatre L\u00edric - Carta Sonora de Mallorca","og_description":"El Teatre L\u00edric va ocupar el mateix solar que l&#8217;antic Teatro Circo Balear, on es realitzaven interpretacions teatrals i de circ i que s&#8217;havia inaugurat el 1875. L&#8217;any 1900, aquest, s&#8217;havia derru\u00eft i s&#8217;hi constru\u00ed el L\u00edric que va ser el teatre de refer\u00e8ncia a Mallorca pel que fa a les actuacions dram\u00e0tiques i l\u00edriques [&hellip;]","og_url":"https:\/\/cartasonorademallorca.com\/es\/listing\/el-teatre-liric\/","og_site_name":"Carta Sonora de Mallorca","article_modified_time":"2023-08-14T09:27:00+00:00","og_image":[{"width":1000,"height":700,"url":"https:\/\/cartasonorademallorca.com\/wp-content\/uploads\/2023\/04\/sala.jpg","type":"image\/jpeg"}],"twitter_card":"summary_large_image","twitter_misc":{"Est. reading time":"2 minutes"},"schema":{"@context":"https:\/\/schema.org","@graph":[{"@type":"WebPage","@id":"https:\/\/cartasonorademallorca.com\/es\/listing\/el-teatre-liric\/","url":"https:\/\/cartasonorademallorca.com\/es\/listing\/el-teatre-liric\/","name":"El Teatre L\u00edric - Carta Sonora de Mallorca","isPartOf":{"@id":"https:\/\/cartasonorademallorca.com\/es\/#website"},"primaryImageOfPage":{"@id":"https:\/\/cartasonorademallorca.com\/es\/listing\/el-teatre-liric\/#primaryimage"},"image":{"@id":"https:\/\/cartasonorademallorca.com\/es\/listing\/el-teatre-liric\/#primaryimage"},"thumbnailUrl":"https:\/\/cartasonorademallorca.com\/wp-content\/uploads\/2023\/04\/sala.jpg","datePublished":"2023-04-13T22:05:24+00:00","dateModified":"2023-08-14T09:27:00+00:00","breadcrumb":{"@id":"https:\/\/cartasonorademallorca.com\/es\/listing\/el-teatre-liric\/#breadcrumb"},"inLanguage":"es-ES","potentialAction":[{"@type":"ReadAction","target":["https:\/\/cartasonorademallorca.com\/es\/listing\/el-teatre-liric\/"]}]},{"@type":"ImageObject","inLanguage":"es-ES","@id":"https:\/\/cartasonorademallorca.com\/es\/listing\/el-teatre-liric\/#primaryimage","url":"https:\/\/cartasonorademallorca.com\/wp-content\/uploads\/2023\/04\/sala.jpg","contentUrl":"https:\/\/cartasonorademallorca.com\/wp-content\/uploads\/2023\/04\/sala.jpg","width":1000,"height":700},{"@type":"BreadcrumbList","@id":"https:\/\/cartasonorademallorca.com\/es\/listing\/el-teatre-liric\/#breadcrumb","itemListElement":[{"@type":"ListItem","position":1,"name":"Portada","item":"https:\/\/cartasonorademallorca.com\/es\/"},{"@type":"ListItem","position":2,"name":"Llistats","item":"https:\/\/cartasonorademallorca.com\/es\/arxiu\/"},{"@type":"ListItem","position":3,"name":"El Teatre L\u00edric"}]},{"@type":"WebSite","@id":"https:\/\/cartasonorademallorca.com\/es\/#website","url":"https:\/\/cartasonorademallorca.com\/es\/","name":"Carta Sonora de Mallorca","description":"","potentialAction":[{"@type":"SearchAction","target":{"@type":"EntryPoint","urlTemplate":"https:\/\/cartasonorademallorca.com\/es\/?s={search_term_string}"},"query-input":{"@type":"PropertyValueSpecification","valueRequired":true,"valueName":"search_term_string"}}],"inLanguage":"es-ES"}]}},"_links":{"self":[{"href":"https:\/\/cartasonorademallorca.com\/es\/wp-json\/wp\/v2\/listing\/3228","targetHints":{"allow":["GET"]}}],"collection":[{"href":"https:\/\/cartasonorademallorca.com\/es\/wp-json\/wp\/v2\/listing"}],"about":[{"href":"https:\/\/cartasonorademallorca.com\/es\/wp-json\/wp\/v2\/types\/listing"}],"replies":[{"embeddable":true,"href":"https:\/\/cartasonorademallorca.com\/es\/wp-json\/wp\/v2\/comments?post=3228"}],"wp:featuredmedia":[{"embeddable":true,"href":"https:\/\/cartasonorademallorca.com\/es\/wp-json\/wp\/v2\/media\/3226"}],"wp:attachment":[{"href":"https:\/\/cartasonorademallorca.com\/es\/wp-json\/wp\/v2\/media?parent=3228"}],"wp:term":[{"taxonomy":"post_tag","embeddable":true,"href":"https:\/\/cartasonorademallorca.com\/es\/wp-json\/wp\/v2\/tags?post=3228"},{"taxonomy":"listing_category","embeddable":true,"href":"https:\/\/cartasonorademallorca.com\/es\/wp-json\/wp\/v2\/listing_category?post=3228"},{"taxonomy":"listing_location","embeddable":true,"href":"https:\/\/cartasonorademallorca.com\/es\/wp-json\/wp\/v2\/listing_location?post=3228"},{"taxonomy":"listing_feature","embeddable":true,"href":"https:\/\/cartasonorademallorca.com\/es\/wp-json\/wp\/v2\/listing_feature?post=3228"}],"curies":[{"name":"wp","href":"https:\/\/api.w.org\/{rel}","templated":true}]}}