{"id":2314,"date":"2022-01-17T07:46:55","date_gmt":"2022-01-17T07:46:55","guid":{"rendered":"https:\/\/cartasonorademallorca.com\/nosotros\/"},"modified":"2023-04-10T09:44:28","modified_gmt":"2023-04-10T09:44:28","slug":"nosotros","status":"publish","type":"page","link":"https:\/\/cartasonorademallorca.com\/es\/nosotros\/","title":{"rendered":"Nosotros"},"content":{"rendered":"\t\t<div data-elementor-type=\"wp-page\" data-elementor-id=\"2314\" class=\"elementor elementor-2314\">\n\t\t\t\t\t\t<section class=\"elementor-section elementor-top-section elementor-element elementor-element-36056e6 elementor-section-stretched elementor-section-boxed elementor-section-height-default elementor-section-height-default\" data-id=\"36056e6\" data-element_type=\"section\" data-e-type=\"section\" data-settings=\"{&quot;stretch_section&quot;:&quot;section-stretched&quot;}\">\n\t\t\t\t\t\t<div class=\"elementor-container elementor-column-gap-extended\">\n\t\t\t\t\t<div class=\"elementor-column elementor-col-100 elementor-top-column elementor-element elementor-element-9aa4c44\" data-id=\"9aa4c44\" data-element_type=\"column\" data-e-type=\"column\">\n\t\t\t<div class=\"elementor-widget-wrap elementor-element-populated\">\n\t\t\t\t\t\t<div class=\"elementor-element elementor-element-f9d1933 elementor-widget elementor-widget-heading\" data-id=\"f9d1933\" data-element_type=\"widget\" data-e-type=\"widget\" data-widget_type=\"heading.default\">\n\t\t\t\t<div class=\"elementor-widget-container\">\n\t\t\t\t\t<h2 class=\"elementor-heading-title elementor-size-default\">Sobre nosotros<\/h2>\t\t\t\t<\/div>\n\t\t\t\t<\/div>\n\t\t\t\t\t<\/div>\n\t\t<\/div>\n\t\t\t\t\t<\/div>\n\t\t<\/section>\n\t\t\t\t<section class=\"elementor-section elementor-top-section elementor-element elementor-element-1de6d1f elementor-section-stretched elementor-section-content-middle elementor-section-boxed elementor-section-height-default elementor-section-height-default\" data-id=\"1de6d1f\" data-element_type=\"section\" data-e-type=\"section\" data-settings=\"{&quot;stretch_section&quot;:&quot;section-stretched&quot;}\">\n\t\t\t\t\t\t<div class=\"elementor-container elementor-column-gap-extended\">\n\t\t\t\t\t<div class=\"elementor-column elementor-col-50 elementor-top-column elementor-element elementor-element-844320b\" data-id=\"844320b\" data-element_type=\"column\" data-e-type=\"column\">\n\t\t\t<div class=\"elementor-widget-wrap elementor-element-populated\">\n\t\t\t\t\t\t<div class=\"elementor-element elementor-element-3eab3b9 elementor-widget elementor-widget-image\" data-id=\"3eab3b9\" data-element_type=\"widget\" data-e-type=\"widget\" data-widget_type=\"image.default\">\n\t\t\t\t<div class=\"elementor-widget-container\">\n\t\t\t\t\t\t\t\t\t\t\t\t\t\t\t<img fetchpriority=\"high\" decoding=\"async\" width=\"800\" height=\"637\" src=\"https:\/\/cartasonorademallorca.com\/wp-content\/uploads\/2022\/10\/logo-full-1.jpg\" class=\"attachment-full size-full wp-image-2273\" alt=\"\" srcset=\"https:\/\/cartasonorademallorca.com\/wp-content\/uploads\/2022\/10\/logo-full-1.jpg 800w, https:\/\/cartasonorademallorca.com\/wp-content\/uploads\/2022\/10\/logo-full-1-300x239.jpg 300w, https:\/\/cartasonorademallorca.com\/wp-content\/uploads\/2022\/10\/logo-full-1-768x612.jpg 768w\" sizes=\"(max-width: 800px) 100vw, 800px\" \/>\t\t\t\t\t\t\t\t\t\t\t\t\t\t\t<\/div>\n\t\t\t\t<\/div>\n\t\t\t\t\t<\/div>\n\t\t<\/div>\n\t\t\t\t<div class=\"elementor-column elementor-col-50 elementor-top-column elementor-element elementor-element-ad1d419\" data-id=\"ad1d419\" data-element_type=\"column\" data-e-type=\"column\">\n\t\t\t<div class=\"elementor-widget-wrap elementor-element-populated\">\n\t\t\t\t\t\t<div class=\"elementor-element elementor-element-3c13e72 elementor-widget elementor-widget-image\" data-id=\"3c13e72\" data-element_type=\"widget\" data-e-type=\"widget\" data-widget_type=\"image.default\">\n\t\t\t\t<div class=\"elementor-widget-container\">\n\t\t\t\t\t\t\t\t\t\t\t\t\t\t\t<img decoding=\"async\" src=\"https:\/\/cartasonorademallorca.com\/wp-content\/uploads\/elementor\/thumbs\/IMPV-1-transp-cut-q4isumujo40cviw41efmrr7wmxlce4c69q0ixdvoqo.png\" title=\"IMPV 1 transp-cut\" alt=\"IMPV 1 transp-cut\" loading=\"lazy\" \/>\t\t\t\t\t\t\t\t\t\t\t\t\t\t\t<\/div>\n\t\t\t\t<\/div>\n\t\t\t\t<div class=\"elementor-element elementor-element-a18453f elementor-widget elementor-widget-text-editor\" data-id=\"a18453f\" data-element_type=\"widget\" data-e-type=\"widget\" data-widget_type=\"text-editor.default\">\n\t\t\t\t<div class=\"elementor-widget-container\">\n\t\t\t\t\t\t\t\t\tCarta Sonora de Mallorca es un proyecto en l\u00ednea que quiere hacer difusi\u00f3n de los paisajes sonoros de la isla con la ayuda que proporcionan las nuevas tecnolog\u00edas actuales. Un planteamiento de base de datos que tiene que permitir a los usuarios acercarse y explorar acontecimientos sonoros del pasado, conociendo las localizaciones concretas en que se sit\u00faa cada paisaje as\u00ed como las personas, u otros agentes, que los producen. Estas informaciones son presentadas de manera cartogr\u00e1fica, encima de un mapa, que nos permite conocer las relaciones espaciales entre los diferentes acontecimientos, que tambi\u00e9n son presentados sobre de un eje cronol\u00f3gico. Todo esto, ampliado con material fotogr\u00e1fico, pict\u00f3rico Y audiovisual, pretende ofrecer al usuario una experiencia tan inmersiva e integradora como sea posible con la intenci\u00f3n de ayudar a una mejor comprensi\u00f3n del hecho sonoro, musical y de la actividad art\u00edstica, cultural, econ\u00f3mica y social en Mallorca, estableciendo un di\u00e1logo est\u00e9tico e intelectual con la historia sensorial auditiva mediante un enfoque interdisciplinario que junta los estudios de la musicolog\u00eda urbana, la antropolog\u00eda y otras \u00e1reas como la historia cultural y la historia del arte.\t\t\t\t\t\t\t\t<\/div>\n\t\t\t\t<\/div>\n\t\t\t\t<div class=\"elementor-element elementor-element-fa911ed elementor-widget elementor-widget-text-editor\" data-id=\"fa911ed\" data-element_type=\"widget\" data-e-type=\"widget\" data-widget_type=\"text-editor.default\">\n\t\t\t\t<div class=\"elementor-widget-container\">\n\t\t\t\t\t\t\t\t\tEste portal tiene la intenci\u00f3n de convertirse en una herramienta metodol\u00f3gica de referencia para music\u00f3logos e investigadores del hecho sonoro como tambi\u00e9n para instituciones educativas y relacionadas con la difusi\u00f3n cultural, facilitando el acercamiento de las fuentes de conocimiento frutos de la investigaci\u00f3n acad\u00e9mica y el conocimiento p\u00fablico.\t\t\t\t\t\t\t\t<\/div>\n\t\t\t\t<\/div>\n\t\t\t\t\t<\/div>\n\t\t<\/div>\n\t\t\t\t\t<\/div>\n\t\t<\/section>\n\t\t\t\t<section class=\"elementor-section elementor-top-section elementor-element elementor-element-d3ff5c4 elementor-section-stretched elementor-section-boxed elementor-section-height-default elementor-section-height-default\" data-id=\"d3ff5c4\" data-element_type=\"section\" data-e-type=\"section\" data-settings=\"{&quot;stretch_section&quot;:&quot;section-stretched&quot;,&quot;background_background&quot;:&quot;classic&quot;}\">\n\t\t\t\t\t\t<div class=\"elementor-container elementor-column-gap-extended\">\n\t\t\t\t\t<div class=\"elementor-column elementor-col-100 elementor-top-column elementor-element elementor-element-8960258\" data-id=\"8960258\" data-element_type=\"column\" data-e-type=\"column\">\n\t\t\t<div class=\"elementor-widget-wrap elementor-element-populated\">\n\t\t\t\t\t\t<div class=\"elementor-element elementor-element-9603e23 elementor-widget elementor-widget-heading\" data-id=\"9603e23\" data-element_type=\"widget\" data-e-type=\"widget\" data-widget_type=\"heading.default\">\n\t\t\t\t<div class=\"elementor-widget-container\">\n\t\t\t\t\t<h2 class=\"elementor-heading-title elementor-size-default\">Colaboradores<\/h2>\t\t\t\t<\/div>\n\t\t\t\t<\/div>\n\t\t\t\t<div class=\"elementor-element elementor-element-671ce58 elementor-widget elementor-widget-spacer\" data-id=\"671ce58\" data-element_type=\"widget\" data-e-type=\"widget\" data-widget_type=\"spacer.default\">\n\t\t\t\t<div class=\"elementor-widget-container\">\n\t\t\t\t\t\t\t<div class=\"elementor-spacer\">\n\t\t\t<div class=\"elementor-spacer-inner\"><\/div>\n\t\t<\/div>\n\t\t\t\t\t\t<\/div>\n\t\t\t\t<\/div>\n\t\t\t\t<div class=\"elementor-element elementor-element-12829e7 about-es elementor-widget elementor-widget-shortcode\" data-id=\"12829e7\" data-element_type=\"widget\" data-e-type=\"widget\" data-widget_type=\"shortcode.default\">\n\t\t\t\t<div class=\"elementor-widget-container\">\n\t\t\t\t\t\t\t<div class=\"elementor-shortcode\"><div class=\"elementor-container widget-team\" style=\"margin-bottom: 40px;\"><div class=\"elementor-column elementor-col-100\">\n    <div class=\"row row-usuarios\">\n    <div class=\"col-lg-3 imagen-usuario\"><img decoding=\"async\" src=\"https:\/\/cartasonorademallorca.com\/wp-content\/uploads\/2022\/09\/053ed971-6186-446f-887e-2b96dee773f9-150x150.jpg\" width=\"180\" height=\"180\" alt=\"\" class=\"avatar avatar-180 wp-user-avatar wp-user-avatar-180 photo avatar-default\" \/><\/div>\n    <div class=\"col-lg-9 info-usuario\" style=\"text-align: left;\">\n    <h3 class=\"name-team\">Joan Antoni Ballester<\/h3>\n    <div class=\"listing\">Joan Antoni Ballester Coll, (Llucmajor, 1984). \u00c9s mestre d\u2019educaci\u00f3 musical (UIB) i Music\u00f2leg (CSMIB i Universidad de La Rioja). Actualment \u00e9s director de l\u2019Escola de M\u00fasica i Arts Esc\u00e8niques de Llucmajor i professor del departament de musicologia i pedagogia del Conservatori Superior de M\u00fasica de les Illes Balears. \r\n\r\nCom a music\u00f2leg, els seus interessos es centren en l\u2019estudi hist\u00f2ric del paisatge sonor a Mallorca, on destaca el seu treball  An\u00e0lisi funcional de les campanes de la Seu de Mallorca (2014), \u201cEl soundscape de M. Ant\u00f2nia Salv\u00e0: La poesia com a descripci\u00f3 de paisatges sonors\u201d (2019)  i \u201cSalves com a expressi\u00f3 de joia i festa: el cas de les escopetades de Pasqua a Llucmajor\u201d (2020); i en el camp de l\u2019ontologia de la m\u00fasica, on destaquen The editions of Celibidache (EMI, 1997): An approximation from Baudrillard, i Simulacre de Concert. Reflexions sobre l\u2019enregistrement de m\u00fasica cl\u00e0ssica des de l\u2019\u00f2ptica de Baudrillard: les estrat\u00e8gies de Glenn Gould, Sergiu Celibidache i l\u2019streaming postpand\u00e8mic (ambd\u00f3s de 2021).<\/div>\n    <a href=\"https:\/\/cartasonorademallorca.com\/es\/author\/joan-antoni\/\" >Mis entradas (273)<\/a>\n    <\/div>\n    <\/div><\/div><\/div><div class=\"elementor-container widget-team\" style=\"margin-bottom: 40px;\"><div class=\"elementor-column elementor-col-100\">\n    <div class=\"row row-usuarios\">\n    <div class=\"col-lg-3 imagen-usuario\"><img alt='' src='https:\/\/secure.gravatar.com\/avatar\/b703a474435b0feb3082c14b251639b35019922506299cc5845f19db5bd232b3?s=180&#038;d=mm&#038;r=g' srcset='https:\/\/secure.gravatar.com\/avatar\/b703a474435b0feb3082c14b251639b35019922506299cc5845f19db5bd232b3?s=360&#038;d=mm&#038;r=g 2x' class='avatar avatar-180 photo' height='180' width='180' \/><\/div>\n    <div class=\"col-lg-9 info-usuario\" style=\"text-align: left;\">\n    <h3 class=\"name-team\">Kevin D\u00edaz Carrillo<\/h3>\n    <div class=\"listing\"><\/div>\n    <a href=\"https:\/\/cartasonorademallorca.com\/es\/author\/kevin\/\" >Mis entradas (0)<\/a>\n    <\/div>\n    <\/div><\/div><\/div><div class=\"elementor-container widget-team\" style=\"margin-bottom: 40px;\"><div class=\"elementor-column elementor-col-100\">\n    <div class=\"row row-usuarios\">\n    <div class=\"col-lg-3 imagen-usuario\"><img alt='' src='https:\/\/secure.gravatar.com\/avatar\/33f8e7756746fa8769aec03ef5d0642c162f2524cee4f9216ff33880a6bd6439?s=180&#038;d=mm&#038;r=g' srcset='https:\/\/secure.gravatar.com\/avatar\/33f8e7756746fa8769aec03ef5d0642c162f2524cee4f9216ff33880a6bd6439?s=360&#038;d=mm&#038;r=g 2x' class='avatar avatar-180 photo' height='180' width='180' \/><\/div>\n    <div class=\"col-lg-9 info-usuario\" style=\"text-align: left;\">\n    <h3 class=\"name-team\">Lina Sampol<\/h3>\n    <div class=\"listing\"><\/div>\n    <a href=\"https:\/\/cartasonorademallorca.com\/es\/author\/lina-sampol\/\" >Mis entradas (15)<\/a>\n    <\/div>\n    <\/div><\/div><\/div><div class=\"elementor-container widget-team\" style=\"margin-bottom: 40px;\"><div class=\"elementor-column elementor-col-100\">\n    <div class=\"row row-usuarios\">\n    <div class=\"col-lg-3 imagen-usuario\"><img alt='' src='https:\/\/secure.gravatar.com\/avatar\/1837395e4e2f695fa69b85e2d9ca7c2c1c9d2a0b4f53fcc488948ff00c68361c?s=180&#038;d=mm&#038;r=g' srcset='https:\/\/secure.gravatar.com\/avatar\/1837395e4e2f695fa69b85e2d9ca7c2c1c9d2a0b4f53fcc488948ff00c68361c?s=360&#038;d=mm&#038;r=g 2x' class='avatar avatar-180 photo' height='180' width='180' \/><\/div>\n    <div class=\"col-lg-9 info-usuario\" style=\"text-align: left;\">\n    <h3 class=\"name-team\">Luis Ferrer Lobo<\/h3>\n    <div class=\"listing\"><\/div>\n    <a href=\"https:\/\/cartasonorademallorca.com\/es\/author\/luis-ferrer-lobo\/\" >Mis entradas (6)<\/a>\n    <\/div>\n    <\/div><\/div><\/div><div class=\"elementor-container widget-team\" style=\"margin-bottom: 40px;\"><div class=\"elementor-column elementor-col-100\">\n    <div class=\"row row-usuarios\">\n    <div class=\"col-lg-3 imagen-usuario\"><img alt='' src='https:\/\/secure.gravatar.com\/avatar\/22704a4674655bf2d8a852664b52d4037615c9939e41f146da30062dc980ce0e?s=180&#038;d=mm&#038;r=g' srcset='https:\/\/secure.gravatar.com\/avatar\/22704a4674655bf2d8a852664b52d4037615c9939e41f146da30062dc980ce0e?s=360&#038;d=mm&#038;r=g 2x' class='avatar avatar-180 photo' height='180' width='180' \/><\/div>\n    <div class=\"col-lg-9 info-usuario\" style=\"text-align: left;\">\n    <h3 class=\"name-team\">Marc Serra Torres<\/h3>\n    <div class=\"listing\"><\/div>\n    <a href=\"https:\/\/cartasonorademallorca.com\/es\/author\/marc-serra\/\" >Mis entradas (13)<\/a>\n    <\/div>\n    <\/div><\/div><\/div><div class=\"elementor-container widget-team\" style=\"margin-bottom: 40px;\"><div class=\"elementor-column elementor-col-100\">\n    <div class=\"row row-usuarios\">\n    <div class=\"col-lg-3 imagen-usuario\"><img decoding=\"async\" src=\"https:\/\/cartasonorademallorca.com\/wp-content\/uploads\/2023\/02\/db761321-e042-4d6b-bffc-f4c03dd90b55-150x150.jpg\" width=\"180\" height=\"180\" alt=\"\" class=\"avatar avatar-180 wp-user-avatar wp-user-avatar-180 photo avatar-default\" \/><\/div>\n    <div class=\"col-lg-9 info-usuario\" style=\"text-align: left;\">\n    <h3 class=\"name-team\">Mercedes Palao Rossell\u00f3<\/h3>\n    <div class=\"listing\">-<\/div>\n    <a href=\"https:\/\/cartasonorademallorca.com\/es\/author\/mercedes-palao\/\" >Mis entradas (18)<\/a>\n    <\/div>\n    <\/div><\/div><\/div><div class=\"elementor-container widget-team\" style=\"margin-bottom: 40px;\"><div class=\"elementor-column elementor-col-100\">\n    <div class=\"row row-usuarios\">\n    <div class=\"col-lg-3 imagen-usuario\"><img alt='' src='https:\/\/secure.gravatar.com\/avatar\/161480e0d6b929b3cb4cfd97ab7f18ce20d72ced0621efe3da36c9043150b2b6?s=180&#038;d=mm&#038;r=g' srcset='https:\/\/secure.gravatar.com\/avatar\/161480e0d6b929b3cb4cfd97ab7f18ce20d72ced0621efe3da36c9043150b2b6?s=360&#038;d=mm&#038;r=g 2x' class='avatar avatar-180 photo' height='180' width='180' \/><\/div>\n    <div class=\"col-lg-9 info-usuario\" style=\"text-align: left;\">\n    <h3 class=\"name-team\">Nadia Akaarir Tom\u00e0s<\/h3>\n    <div class=\"listing\">Estudiant del grau de Musicologia al Conservatori Superior de M\u00fasica de les Illes Balears.<\/div>\n    <a href=\"https:\/\/cartasonorademallorca.com\/es\/author\/nadia-akaarir\/\" >Mis entradas (17)<\/a>\n    <\/div>\n    <\/div><\/div><\/div><div class=\"elementor-container widget-team\" style=\"margin-bottom: 40px;\"><div class=\"elementor-column elementor-col-100\">\n    <div class=\"row row-usuarios\">\n    <div class=\"col-lg-3 imagen-usuario\"><img alt='' src='https:\/\/secure.gravatar.com\/avatar\/8f6d9d5b9964d44436d75c7a1d6e2142a00143889f5e458b43e2095f1549b056?s=180&#038;d=mm&#038;r=g' srcset='https:\/\/secure.gravatar.com\/avatar\/8f6d9d5b9964d44436d75c7a1d6e2142a00143889f5e458b43e2095f1549b056?s=360&#038;d=mm&#038;r=g 2x' class='avatar avatar-180 photo' height='180' width='180' \/><\/div>\n    <div class=\"col-lg-9 info-usuario\" style=\"text-align: left;\">\n    <h3 class=\"name-team\">Pedro L\u00f3pez Fern\u00e1ndez<\/h3>\n    <div class=\"listing\"><\/div>\n    <a href=\"https:\/\/cartasonorademallorca.com\/es\/author\/pedro-lopez\/\" >Mis entradas (21)<\/a>\n    <\/div>\n    <\/div><\/div><\/div><div class=\"elementor-container widget-team\" style=\"margin-bottom: 40px;\"><div class=\"elementor-column elementor-col-100\">\n    <div class=\"row row-usuarios\">\n    <div class=\"col-lg-3 imagen-usuario\"><img alt='' src='https:\/\/secure.gravatar.com\/avatar\/22a504ec3820093fdfa81b19f0109f1064d0be2994c01a3eacbabf28fd9c387f?s=180&#038;d=mm&#038;r=g' srcset='https:\/\/secure.gravatar.com\/avatar\/22a504ec3820093fdfa81b19f0109f1064d0be2994c01a3eacbabf28fd9c387f?s=360&#038;d=mm&#038;r=g 2x' class='avatar avatar-180 photo' height='180' width='180' \/><\/div>\n    <div class=\"col-lg-9 info-usuario\" style=\"text-align: left;\">\n    <h3 class=\"name-team\">Rosa Mar\u00eda Segu\u00ed Vidal<\/h3>\n    <div class=\"listing\"><\/div>\n    <a href=\"https:\/\/cartasonorademallorca.com\/es\/author\/rosa-segui\/\" >Mis entradas (18)<\/a>\n    <\/div>\n    <\/div><\/div><\/div><div class=\"elementor-container widget-team\" style=\"margin-bottom: 40px;\"><div class=\"elementor-column elementor-col-100\">\n    <div class=\"row row-usuarios\">\n    <div class=\"col-lg-3 imagen-usuario\"><img loading=\"lazy\" decoding=\"async\" src=\"https:\/\/cartasonorademallorca.com\/wp-content\/uploads\/2022\/09\/451-150x150.jpeg\" width=\"180\" height=\"180\" alt=\"\" class=\"avatar avatar-180 wp-user-avatar wp-user-avatar-180 photo avatar-default\" \/><\/div>\n    <div class=\"col-lg-9 info-usuario\" style=\"text-align: left;\">\n    <h3 class=\"name-team\">Txema Gonz\u00e1lez<\/h3>\n    <div class=\"listing\"><\/div>\n    <a href=\"https:\/\/cartasonorademallorca.com\/es\/author\/txema-gonzalez\/\" >Mis entradas (30)<\/a>\n    <\/div>\n    <\/div><\/div><\/div><div class=\"elementor-container widget-team\" style=\"margin-bottom: 40px;\"><div class=\"elementor-column elementor-col-100\">\n    <div class=\"row row-usuarios\">\n    <div class=\"col-lg-3 imagen-usuario\"><img alt='' src='https:\/\/secure.gravatar.com\/avatar\/549061c0080c624312f6d00c4a031dda6ae7cdda46e2758274f84b3418932bea?s=180&#038;d=mm&#038;r=g' srcset='https:\/\/secure.gravatar.com\/avatar\/549061c0080c624312f6d00c4a031dda6ae7cdda46e2758274f84b3418932bea?s=360&#038;d=mm&#038;r=g 2x' class='avatar avatar-180 photo' height='180' width='180' \/><\/div>\n    <div class=\"col-lg-9 info-usuario\" style=\"text-align: left;\">\n    <h3 class=\"name-team\">Virginia Ruiz<\/h3>\n    <div class=\"listing\"><\/div>\n    <a href=\"https:\/\/cartasonorademallorca.com\/es\/author\/virginia-ruiz\/\" >Mis entradas (3)<\/a>\n    <\/div>\n    <\/div><\/div><\/div><\/div>\n\t\t\t\t\t\t<\/div>\n\t\t\t\t<\/div>\n\t\t\t\t\t<\/div>\n\t\t<\/div>\n\t\t\t\t\t<\/div>\n\t\t<\/section>\n\t\t\t\t<section class=\"elementor-section elementor-top-section elementor-element elementor-element-938b2ce elementor-section-boxed elementor-section-height-default elementor-section-height-default\" data-id=\"938b2ce\" data-element_type=\"section\" data-e-type=\"section\">\n\t\t\t\t\t\t<div class=\"elementor-container elementor-column-gap-default\">\n\t\t\t\t\t<div class=\"elementor-column elementor-col-100 elementor-top-column elementor-element elementor-element-ca1bd8c\" data-id=\"ca1bd8c\" data-element_type=\"column\" data-e-type=\"column\">\n\t\t\t<div class=\"elementor-widget-wrap elementor-element-populated\">\n\t\t\t\t\t\t<div class=\"elementor-element elementor-element-9d23446 elementor-widget elementor-widget-spacer\" data-id=\"9d23446\" data-element_type=\"widget\" data-e-type=\"widget\" data-widget_type=\"spacer.default\">\n\t\t\t\t<div class=\"elementor-widget-container\">\n\t\t\t\t\t\t\t<div class=\"elementor-spacer\">\n\t\t\t<div class=\"elementor-spacer-inner\"><\/div>\n\t\t<\/div>\n\t\t\t\t\t\t<\/div>\n\t\t\t\t<\/div>\n\t\t\t\t\t<\/div>\n\t\t<\/div>\n\t\t\t\t\t<\/div>\n\t\t<\/section>\n\t\t\t\t<\/div>\n\t\t","protected":false},"excerpt":{"rendered":"<p>Sobre nosotros Carta Sonora de Mallorca es un proyecto en l\u00ednea que quiere hacer difusi\u00f3n de los paisajes sonoros de la isla con la ayuda que proporcionan las nuevas tecnolog\u00edas actuales. Un planteamiento de base de datos que tiene que permitir a los usuarios acercarse y explorar acontecimientos sonoros del pasado, conociendo las localizaciones concretas [&hellip;]<\/p>\n","protected":false},"author":1,"featured_media":0,"parent":0,"menu_order":0,"comment_status":"closed","ping_status":"closed","template":"","meta":{"_acf_changed":false,"footnotes":""},"class_list":["post-2314","page","type-page","status-publish","hentry"],"acf":[],"yoast_head":"<!-- This site is optimized with the Yoast SEO plugin v27.4 - https:\/\/yoast.com\/product\/yoast-seo-wordpress\/ -->\n<title>Nosotros - Carta Sonora de Mallorca<\/title>\n<meta name=\"robots\" content=\"index, follow, max-snippet:-1, max-image-preview:large, max-video-preview:-1\" \/>\n<link rel=\"canonical\" href=\"https:\/\/cartasonorademallorca.com\/es\/nosotros\/\" \/>\n<meta property=\"og:locale\" content=\"es_ES\" \/>\n<meta property=\"og:type\" content=\"article\" \/>\n<meta property=\"og:title\" content=\"Nosotros - Carta Sonora de Mallorca\" \/>\n<meta property=\"og:description\" content=\"Sobre nosotros Carta Sonora de Mallorca es un proyecto en l\u00ednea que quiere hacer difusi\u00f3n de los paisajes sonoros de la isla con la ayuda que proporcionan las nuevas tecnolog\u00edas actuales. Un planteamiento de base de datos que tiene que permitir a los usuarios acercarse y explorar acontecimientos sonoros del pasado, conociendo las localizaciones concretas [&hellip;]\" \/>\n<meta property=\"og:url\" content=\"https:\/\/cartasonorademallorca.com\/es\/nosotros\/\" \/>\n<meta property=\"og:site_name\" content=\"Carta Sonora de Mallorca\" \/>\n<meta property=\"article:modified_time\" content=\"2023-04-10T09:44:28+00:00\" \/>\n<meta property=\"og:image\" content=\"https:\/\/cartasonorademallorca.com\/wp-content\/uploads\/2022\/10\/logo-full-1.jpg\" \/>\n<meta name=\"twitter:card\" content=\"summary_large_image\" \/>\n<meta name=\"twitter:label1\" content=\"Est. reading time\" \/>\n\t<meta name=\"twitter:data1\" content=\"4 minutes\" \/>\n<script type=\"application\/ld+json\" class=\"yoast-schema-graph\">{\"@context\":\"https:\\\/\\\/schema.org\",\"@graph\":[{\"@type\":\"WebPage\",\"@id\":\"https:\\\/\\\/cartasonorademallorca.com\\\/es\\\/nosotros\\\/\",\"url\":\"https:\\\/\\\/cartasonorademallorca.com\\\/es\\\/nosotros\\\/\",\"name\":\"Nosotros - Carta Sonora de Mallorca\",\"isPartOf\":{\"@id\":\"https:\\\/\\\/cartasonorademallorca.com\\\/es\\\/#website\"},\"primaryImageOfPage\":{\"@id\":\"https:\\\/\\\/cartasonorademallorca.com\\\/es\\\/nosotros\\\/#primaryimage\"},\"image\":{\"@id\":\"https:\\\/\\\/cartasonorademallorca.com\\\/es\\\/nosotros\\\/#primaryimage\"},\"thumbnailUrl\":\"https:\\\/\\\/cartasonorademallorca.com\\\/wp-content\\\/uploads\\\/2022\\\/10\\\/logo-full-1.jpg\",\"datePublished\":\"2022-01-17T07:46:55+00:00\",\"dateModified\":\"2023-04-10T09:44:28+00:00\",\"breadcrumb\":{\"@id\":\"https:\\\/\\\/cartasonorademallorca.com\\\/es\\\/nosotros\\\/#breadcrumb\"},\"inLanguage\":\"es-ES\",\"potentialAction\":[{\"@type\":\"ReadAction\",\"target\":[\"https:\\\/\\\/cartasonorademallorca.com\\\/es\\\/nosotros\\\/\"]}]},{\"@type\":\"ImageObject\",\"inLanguage\":\"es-ES\",\"@id\":\"https:\\\/\\\/cartasonorademallorca.com\\\/es\\\/nosotros\\\/#primaryimage\",\"url\":\"https:\\\/\\\/cartasonorademallorca.com\\\/wp-content\\\/uploads\\\/2022\\\/10\\\/logo-full-1.jpg\",\"contentUrl\":\"https:\\\/\\\/cartasonorademallorca.com\\\/wp-content\\\/uploads\\\/2022\\\/10\\\/logo-full-1.jpg\"},{\"@type\":\"BreadcrumbList\",\"@id\":\"https:\\\/\\\/cartasonorademallorca.com\\\/es\\\/nosotros\\\/#breadcrumb\",\"itemListElement\":[{\"@type\":\"ListItem\",\"position\":1,\"name\":\"Portada\",\"item\":\"https:\\\/\\\/cartasonorademallorca.com\\\/es\\\/\"},{\"@type\":\"ListItem\",\"position\":2,\"name\":\"Nosotros\"}]},{\"@type\":\"WebSite\",\"@id\":\"https:\\\/\\\/cartasonorademallorca.com\\\/es\\\/#website\",\"url\":\"https:\\\/\\\/cartasonorademallorca.com\\\/es\\\/\",\"name\":\"Carta Sonora de Mallorca\",\"description\":\"\",\"potentialAction\":[{\"@type\":\"SearchAction\",\"target\":{\"@type\":\"EntryPoint\",\"urlTemplate\":\"https:\\\/\\\/cartasonorademallorca.com\\\/es\\\/?s={search_term_string}\"},\"query-input\":{\"@type\":\"PropertyValueSpecification\",\"valueRequired\":true,\"valueName\":\"search_term_string\"}}],\"inLanguage\":\"es-ES\"}]}<\/script>\n<!-- \/ Yoast SEO plugin. -->","yoast_head_json":{"title":"Nosotros - Carta Sonora de Mallorca","robots":{"index":"index","follow":"follow","max-snippet":"max-snippet:-1","max-image-preview":"max-image-preview:large","max-video-preview":"max-video-preview:-1"},"canonical":"https:\/\/cartasonorademallorca.com\/es\/nosotros\/","og_locale":"es_ES","og_type":"article","og_title":"Nosotros - Carta Sonora de Mallorca","og_description":"Sobre nosotros Carta Sonora de Mallorca es un proyecto en l\u00ednea que quiere hacer difusi\u00f3n de los paisajes sonoros de la isla con la ayuda que proporcionan las nuevas tecnolog\u00edas actuales. Un planteamiento de base de datos que tiene que permitir a los usuarios acercarse y explorar acontecimientos sonoros del pasado, conociendo las localizaciones concretas [&hellip;]","og_url":"https:\/\/cartasonorademallorca.com\/es\/nosotros\/","og_site_name":"Carta Sonora de Mallorca","article_modified_time":"2023-04-10T09:44:28+00:00","og_image":[{"url":"https:\/\/cartasonorademallorca.com\/wp-content\/uploads\/2022\/10\/logo-full-1.jpg","type":"","width":"","height":""}],"twitter_card":"summary_large_image","twitter_misc":{"Est. reading time":"4 minutes"},"schema":{"@context":"https:\/\/schema.org","@graph":[{"@type":"WebPage","@id":"https:\/\/cartasonorademallorca.com\/es\/nosotros\/","url":"https:\/\/cartasonorademallorca.com\/es\/nosotros\/","name":"Nosotros - Carta Sonora de Mallorca","isPartOf":{"@id":"https:\/\/cartasonorademallorca.com\/es\/#website"},"primaryImageOfPage":{"@id":"https:\/\/cartasonorademallorca.com\/es\/nosotros\/#primaryimage"},"image":{"@id":"https:\/\/cartasonorademallorca.com\/es\/nosotros\/#primaryimage"},"thumbnailUrl":"https:\/\/cartasonorademallorca.com\/wp-content\/uploads\/2022\/10\/logo-full-1.jpg","datePublished":"2022-01-17T07:46:55+00:00","dateModified":"2023-04-10T09:44:28+00:00","breadcrumb":{"@id":"https:\/\/cartasonorademallorca.com\/es\/nosotros\/#breadcrumb"},"inLanguage":"es-ES","potentialAction":[{"@type":"ReadAction","target":["https:\/\/cartasonorademallorca.com\/es\/nosotros\/"]}]},{"@type":"ImageObject","inLanguage":"es-ES","@id":"https:\/\/cartasonorademallorca.com\/es\/nosotros\/#primaryimage","url":"https:\/\/cartasonorademallorca.com\/wp-content\/uploads\/2022\/10\/logo-full-1.jpg","contentUrl":"https:\/\/cartasonorademallorca.com\/wp-content\/uploads\/2022\/10\/logo-full-1.jpg"},{"@type":"BreadcrumbList","@id":"https:\/\/cartasonorademallorca.com\/es\/nosotros\/#breadcrumb","itemListElement":[{"@type":"ListItem","position":1,"name":"Portada","item":"https:\/\/cartasonorademallorca.com\/es\/"},{"@type":"ListItem","position":2,"name":"Nosotros"}]},{"@type":"WebSite","@id":"https:\/\/cartasonorademallorca.com\/es\/#website","url":"https:\/\/cartasonorademallorca.com\/es\/","name":"Carta Sonora de Mallorca","description":"","potentialAction":[{"@type":"SearchAction","target":{"@type":"EntryPoint","urlTemplate":"https:\/\/cartasonorademallorca.com\/es\/?s={search_term_string}"},"query-input":{"@type":"PropertyValueSpecification","valueRequired":true,"valueName":"search_term_string"}}],"inLanguage":"es-ES"}]}},"_links":{"self":[{"href":"https:\/\/cartasonorademallorca.com\/es\/wp-json\/wp\/v2\/pages\/2314","targetHints":{"allow":["GET"]}}],"collection":[{"href":"https:\/\/cartasonorademallorca.com\/es\/wp-json\/wp\/v2\/pages"}],"about":[{"href":"https:\/\/cartasonorademallorca.com\/es\/wp-json\/wp\/v2\/types\/page"}],"author":[{"embeddable":true,"href":"https:\/\/cartasonorademallorca.com\/es\/wp-json\/wp\/v2\/users\/1"}],"replies":[{"embeddable":true,"href":"https:\/\/cartasonorademallorca.com\/es\/wp-json\/wp\/v2\/comments?post=2314"}],"version-history":[{"count":22,"href":"https:\/\/cartasonorademallorca.com\/es\/wp-json\/wp\/v2\/pages\/2314\/revisions"}],"predecessor-version":[{"id":3204,"href":"https:\/\/cartasonorademallorca.com\/es\/wp-json\/wp\/v2\/pages\/2314\/revisions\/3204"}],"wp:attachment":[{"href":"https:\/\/cartasonorademallorca.com\/es\/wp-json\/wp\/v2\/media?parent=2314"}],"curies":[{"name":"wp","href":"https:\/\/api.w.org\/{rel}","templated":true}]}}